{"id":421,"date":"2021-08-09T15:26:57","date_gmt":"2021-08-09T13:26:57","guid":{"rendered":"http:\/\/192.168.100.241\/?page_id=421"},"modified":"2021-09-21T14:26:01","modified_gmt":"2021-09-21T12:26:01","slug":"new","status":"publish","type":"page","link":"https:\/\/www.studioklima.pl\/index.php\/new\/","title":{"rendered":"Realizacje"},"content":{"rendered":"<div id=\"modal-ready\">\n<div class=\"wp-block-group\"><div class=\"wp-block-group__inner-container\">\n\n\t<div class=\"wppap-main-wrapper wpapap-clearfix\">\n\t\t<ul id=\"thumbs-1\" class=\"wppap-thumbs\" data-conf=\"{&quot;grid&quot;:3}\">\n\t\t\t\t<li class=\"thum-list\">\n\t\t\t\t\t<a data-mfp-src=\"#thumb1\" href=\"#\" class=\"wppap-thumbnail\" style=\"background-image: url('https:\/\/www.studioklima.pl\/wp-content\/uploads\/2021\/09\/FLISAC_Kadr_04_10_01-scaled.jpg')\">\n\t\t\t\t\t\t<span class=\"wppap-description\">Flisac Apartamenty Powi\u015ble<\/span>\n\t\t\t\t\t<\/a>\n\t\t\t\t<\/li>\n\t\t\t\n\t\t\t\t<li class=\"thum-list\">\n\t\t\t\t\t<a data-mfp-src=\"#thumb2\" href=\"#\" class=\"wppap-thumbnail\" style=\"background-image: url('https:\/\/www.studioklima.pl\/wp-content\/uploads\/2021\/09\/Koszyki_1-scaled.jpg')\">\n\t\t\t\t\t\t<span class=\"wppap-description\">Hala Koszyki<\/span>\n\t\t\t\t\t<\/a>\n\t\t\t\t<\/li>\n\t\t\t\n\t\t\t\t<li class=\"thum-list\">\n\t\t\t\t\t<a data-mfp-src=\"#thumb3\" href=\"#\" class=\"wppap-thumbnail\" style=\"background-image: url('https:\/\/www.studioklima.pl\/wp-content\/uploads\/2021\/09\/tzk-2-Copy.jpg')\">\n\t\t\t\t\t\t<span class=\"wppap-description\">Teatr im. Stefana \u017beromskiego<\/span>\n\t\t\t\t\t<\/a>\n\t\t\t\t<\/li>\n\t\t\t\n\t\t\t\t<li class=\"thum-list\">\n\t\t\t\t\t<a data-mfp-src=\"#thumb4\" href=\"#\" class=\"wppap-thumbnail\" style=\"background-image: url('https:\/\/www.studioklima.pl\/wp-content\/uploads\/2021\/09\/Dzielna1-scaled.jpg')\">\n\t\t\t\t\t\t<span class=\"wppap-description\">Budynek apartamentowy Dzielna 64<\/span>\n\t\t\t\t\t<\/a>\n\t\t\t\t<\/li>\n\t\t\t\n\t\t\t\t<li class=\"thum-list\">\n\t\t\t\t\t<a data-mfp-src=\"#thumb5\" href=\"#\" class=\"wppap-thumbnail\" style=\"background-image: url('https:\/\/www.studioklima.pl\/wp-content\/uploads\/2021\/09\/UW-Aka1-scaled.jpg')\">\n\t\t\t\t\t\t<span class=\"wppap-description\">Dom Studencki UW Kampus S\u0142u\u017cewiec<\/span>\n\t\t\t\t\t<\/a>\n\t\t\t\t<\/li>\n\t\t\t\n\t\t\t\t<li class=\"thum-list\">\n\t\t\t\t\t<a data-mfp-src=\"#thumb6\" href=\"#\" class=\"wppap-thumbnail\" style=\"background-image: url('https:\/\/www.studioklima.pl\/wp-content\/uploads\/2021\/09\/UW-Psych_kawiarnia-scaled.jpg')\">\n\t\t\t\t\t\t<span class=\"wppap-description\">Budynek naukowo-dydaktyczny UW Wydzia\u0142 Psychologii<\/span>\n\t\t\t\t\t<\/a>\n\t\t\t\t<\/li>\n\t\t\t\n\t\t\t\t<li class=\"thum-list\">\n\t\t\t\t\t<a data-mfp-src=\"#thumb7\" href=\"#\" class=\"wppap-thumbnail\" style=\"background-image: url('https:\/\/www.studioklima.pl\/wp-content\/uploads\/2021\/09\/Ksawerow_1-scaled.jpg')\">\n\t\t\t\t\t\t<span class=\"wppap-description\">Apartamenty Ksawer\u00f3w<\/span>\n\t\t\t\t\t<\/a>\n\t\t\t\t<\/li>\n\t\t\t\n\t\t\t\t<li class=\"thum-list\">\n\t\t\t\t\t<a data-mfp-src=\"#thumb8\" href=\"#\" class=\"wppap-thumbnail\" style=\"background-image: url('https:\/\/www.studioklima.pl\/wp-content\/uploads\/2021\/09\/Equator_IV_2-scaled.jpg')\">\n\t\t\t\t\t\t<span class=\"wppap-description\">Budynek biurowy Equator IV<\/span>\n\t\t\t\t\t<\/a>\n\t\t\t\t<\/li>\n\t\t\t\n\t\t\t\t<li class=\"thum-list\">\n\t\t\t\t\t<a data-mfp-src=\"#thumb9\" href=\"#\" class=\"wppap-thumbnail\" style=\"background-image: url('https:\/\/www.studioklima.pl\/wp-content\/uploads\/2021\/09\/bristol-scaled.jpg')\">\n\t\t\t\t\t\t<span class=\"wppap-description\">Hotel Bristol &#8211; Cafe<\/span>\n\t\t\t\t\t<\/a>\n\t\t\t\t<\/li>\n\t\t\t\n\t\t\t\t<li class=\"thum-list\">\n\t\t\t\t\t<a data-mfp-src=\"#thumb10\" href=\"#\" class=\"wppap-thumbnail\" style=\"background-image: url('https:\/\/www.studioklima.pl\/wp-content\/uploads\/2021\/09\/ROG_WIZ_1-scaled.jpg')\">\n\t\t\t\t\t\t<span class=\"wppap-description\">Kompleks apartamentowo-hotelowy z basenem i SPA Shelter Rogowo<\/span>\n\t\t\t\t\t<\/a>\n\t\t\t\t<\/li>\n\t\t\t\n\t\t\t\t<li class=\"thum-list\">\n\t\t\t\t\t<a data-mfp-src=\"#thumb11\" href=\"#\" class=\"wppap-thumbnail\" style=\"background-image: url('https:\/\/www.studioklima.pl\/wp-content\/uploads\/2021\/09\/MU1-front-scaled.jpg')\">\n\t\t\t\t\t\t<span class=\"wppap-description\">Osiedle mieszkaniowe M\u00f3j Ursus<\/span>\n\t\t\t\t\t<\/a>\n\t\t\t\t<\/li>\n\t\t\t\n\t\t\t\t<li class=\"thum-list\">\n\t\t\t\t\t<a data-mfp-src=\"#thumb12\" href=\"#\" class=\"wppap-thumbnail\" style=\"background-image: url('https:\/\/www.studioklima.pl\/wp-content\/uploads\/2021\/09\/SNU-E2-widok-od-S-scaled.jpg')\">\n\t\t\t\t\t\t<span class=\"wppap-description\">Osiedle mieszkaniowe Stacja Nowy Ursus<\/span>\n\t\t\t\t\t<\/a>\n\t\t\t\t<\/li>\n\t\t\t\n\t\t\t\t<li class=\"thum-list\">\n\t\t\t\t\t<a data-mfp-src=\"#thumb13\" href=\"#\" class=\"wppap-thumbnail\" style=\"background-image: url('https:\/\/www.studioklima.pl\/wp-content\/uploads\/2021\/09\/MJP1.jpg')\">\n\t\t\t\t\t\t<span class=\"wppap-description\">Muzeum J\u00f3zefa Pi\u0142sudskiego w Sulej\u00f3wku<\/span>\n\t\t\t\t\t<\/a>\n\t\t\t\t<\/li>\n\t\t\t\n\t\t\t\t<li class=\"thum-list\">\n\t\t\t\t\t<a data-mfp-src=\"#thumb14\" href=\"#\" class=\"wppap-thumbnail\" style=\"background-image: url('https:\/\/www.studioklima.pl\/wp-content\/uploads\/2021\/09\/f282e01f84e84e5aef4e59502eb5336b.jpeg')\">\n\t\t\t\t\t\t<span class=\"wppap-description\">Budynek biurowo-us\u0142ugowy ERA2000<\/span>\n\t\t\t\t\t<\/a>\n\t\t\t\t<\/li>\n\t\t\t\n\t\t\t\t<li class=\"thum-list\">\n\t\t\t\t\t<a data-mfp-src=\"#thumb15\" href=\"#\" class=\"wppap-thumbnail\" style=\"background-image: url('https:\/\/www.studioklima.pl\/wp-content\/uploads\/2021\/09\/Plac_unii_2-scaled.jpg')\">\n\t\t\t\t\t\t<span class=\"wppap-description\">Budynek biurowo-us\u0142ugowy Nowy Plac Unii<\/span>\n\t\t\t\t\t<\/a>\n\t\t\t\t<\/li>\n\t\t\t\n\t\t\t\t<li class=\"thum-list\">\n\t\t\t\t\t<a data-mfp-src=\"#thumb16\" href=\"#\" class=\"wppap-thumbnail\" style=\"background-image: url('https:\/\/www.studioklima.pl\/wp-content\/uploads\/2021\/09\/spire_2.jpg')\">\n\t\t\t\t\t\t<span class=\"wppap-description\">Warsaw Spire<\/span>\n\t\t\t\t\t<\/a>\n\t\t\t\t<\/li>\n\t\t\t\n\t\t\t\t<li class=\"thum-list\">\n\t\t\t\t\t<a data-mfp-src=\"#thumb17\" href=\"#\" class=\"wppap-thumbnail\" style=\"background-image: url('https:\/\/www.studioklima.pl\/wp-content\/uploads\/2021\/09\/PCSS-scaled.jpg')\">\n\t\t\t\t\t\t<span class=\"wppap-description\">Pozna\u0144skie Centrum Superkomputerowo Sieciowe<\/span>\n\t\t\t\t\t<\/a>\n\t\t\t\t<\/li>\n\t\t\t\n\t\t\t\t<li class=\"thum-list\">\n\t\t\t\t\t<a data-mfp-src=\"#thumb18\" href=\"#\" class=\"wppap-thumbnail\" style=\"background-image: url('https:\/\/www.studioklima.pl\/wp-content\/uploads\/2021\/09\/TARR.jpg')\">\n\t\t\t\t\t\t<span class=\"wppap-description\">Centrum przetwarzania Danych Toru\u0144skiej Agencji Rynku Rolnego<\/span>\n\t\t\t\t\t<\/a>\n\t\t\t\t<\/li>\n\t\t\t\n\t\t\t\t<li class=\"thum-list\">\n\t\t\t\t\t<a data-mfp-src=\"#thumb19\" href=\"#\" class=\"wppap-thumbnail\" style=\"background-image: url('https:\/\/www.studioklima.pl\/wp-content\/uploads\/2021\/09\/Lazienki_2-scaled-e1631097867299.jpg')\">\n\t\t\t\t\t\t<span class=\"wppap-description\">Muzeum \u0141azienki Kr\u00f3lewskie<\/span>\n\t\t\t\t\t<\/a>\n\t\t\t\t<\/li>\n\t\t\t\n\t\t\t\t<li class=\"thum-list\">\n\t\t\t\t\t<a data-mfp-src=\"#thumb20\" href=\"#\" class=\"wppap-thumbnail\" style=\"background-image: url('https:\/\/www.studioklima.pl\/wp-content\/uploads\/2021\/09\/MHP7.jpg')\">\n\t\t\t\t\t\t<span class=\"wppap-description\">Muzeum Historii Polski<\/span>\n\t\t\t\t\t<\/a>\n\t\t\t\t<\/li>\n\t\t\t\n\t\t\t\t<li class=\"thum-list\">\n\t\t\t\t\t<a data-mfp-src=\"#thumb21\" href=\"#\" class=\"wppap-thumbnail\" style=\"background-image: url('https:\/\/www.studioklima.pl\/wp-content\/uploads\/2021\/09\/6-Copy.jpg')\">\n\t\t\t\t\t\t<span class=\"wppap-description\">Galeria Sztuki Dom Aukcyjny Desa<\/span>\n\t\t\t\t\t<\/a>\n\t\t\t\t<\/li>\n\t\t\t\n\t\t\t\t<li class=\"thum-list\">\n\t\t\t\t\t<a data-mfp-src=\"#thumb22\" href=\"#\" class=\"wppap-thumbnail\" style=\"background-image: url('https:\/\/www.studioklima.pl\/wp-content\/uploads\/2021\/09\/Korczowa3.jpg')\">\n\t\t\t\t\t\t<span class=\"wppap-description\">Centrum Logistyczne East A4<\/span>\n\t\t\t\t\t<\/a>\n\t\t\t\t<\/li>\n\t\t\t\n\t\t\t\t<li class=\"thum-list\">\n\t\t\t\t\t<a data-mfp-src=\"#thumb23\" href=\"#\" class=\"wppap-thumbnail\" style=\"background-image: url('https:\/\/www.studioklima.pl\/wp-content\/uploads\/2021\/09\/rondo2.jpg')\">\n\t\t\t\t\t\t<span class=\"wppap-description\">Centrum Handlowe Rondo w Bydgoszczy<\/span>\n\t\t\t\t\t<\/a>\n\t\t\t\t<\/li>\n\t\t\t\n\t\t\t\t<li class=\"thum-list\">\n\t\t\t\t\t<a data-mfp-src=\"#thumb24\" href=\"#\" class=\"wppap-thumbnail\" style=\"background-image: url('https:\/\/www.studioklima.pl\/wp-content\/uploads\/2021\/09\/MBP_1-scaled.jpg')\">\n\t\t\t\t\t\t<span class=\"wppap-description\">Marynarska Business Park Warszawa<\/span>\n\t\t\t\t\t<\/a>\n\t\t\t\t<\/li>\n\t\t\t\n\t\t\t\t<li class=\"thum-list\">\n\t\t\t\t\t<a data-mfp-src=\"#thumb25\" href=\"#\" class=\"wppap-thumbnail\" style=\"background-image: url('https:\/\/www.studioklima.pl\/wp-content\/uploads\/2021\/09\/Trinity_park_1jpg-scaled.jpg')\">\n\t\t\t\t\t\t<span class=\"wppap-description\">Kompleks biurowy Trinity Park<\/span>\n\t\t\t\t\t<\/a>\n\t\t\t\t<\/li>\n\t\t\t\n\t\t\t\t<li class=\"thum-list\">\n\t\t\t\t\t<a data-mfp-src=\"#thumb26\" href=\"#\" class=\"wppap-thumbnail\" style=\"background-image: url('https:\/\/www.studioklima.pl\/wp-content\/uploads\/2021\/09\/CAM03-scaled.jpg')\">\n\t\t\t\t\t\t<span class=\"wppap-description\">Osiedle mieszkaniowe Omulewska<\/span>\n\t\t\t\t\t<\/a>\n\t\t\t\t<\/li>\n\t\t\t\n\t\t\t\t<li class=\"thum-list\">\n\t\t\t\t\t<a data-mfp-src=\"#thumb27\" href=\"#\" class=\"wppap-thumbnail\" style=\"background-image: url('https:\/\/www.studioklima.pl\/wp-content\/uploads\/2021\/09\/bliski-centrum1.jpg')\">\n\t\t\t\t\t\t<span class=\"wppap-description\">Budynek biurowy Bliski Centrum<\/span>\n\t\t\t\t\t<\/a>\n\t\t\t\t<\/li>\n\t\t\t\n\t\t\t\t<li class=\"thum-list\">\n\t\t\t\t\t<a data-mfp-src=\"#thumb28\" href=\"#\" class=\"wppap-thumbnail\" style=\"background-image: url('https:\/\/www.studioklima.pl\/wp-content\/uploads\/2021\/09\/D48_penta_1-scaled.jpg')\">\n\t\t\t\t\t\t<span class=\"wppap-description\">Budynek biurowy D48 Penta<\/span>\n\t\t\t\t\t<\/a>\n\t\t\t\t<\/li>\n\t\t\t\n\t\t\t\t<li class=\"thum-list\">\n\t\t\t\t\t<a data-mfp-src=\"#thumb29\" href=\"#\" class=\"wppap-thumbnail\" style=\"background-image: url('https:\/\/www.studioklima.pl\/wp-content\/uploads\/2021\/09\/Wilanow_office_2-scaled.jpg')\">\n\t\t\t\t\t\t<span class=\"wppap-description\">Wilan\u00f3w Office Center<\/span>\n\t\t\t\t\t<\/a>\n\t\t\t\t<\/li>\n\t\t\t\n\t\t\t\t<li class=\"thum-list\">\n\t\t\t\t\t<a data-mfp-src=\"#thumb30\" href=\"#\" class=\"wppap-thumbnail\" style=\"background-image: url('https:\/\/www.studioklima.pl\/wp-content\/uploads\/2021\/09\/adgar_bit_z_zewnatrz.jpg')\">\n\t\t\t\t\t\t<span class=\"wppap-description\">Adgar Bit<\/span>\n\t\t\t\t\t<\/a>\n\t\t\t\t<\/li>\n\t\t\t\n\t\t\t\t<li class=\"thum-list\">\n\t\t\t\t\t<a data-mfp-src=\"#thumb31\" href=\"#\" class=\"wppap-thumbnail\" style=\"background-image: url('https:\/\/www.studioklima.pl\/wp-content\/uploads\/2021\/09\/park_inn_2-scaled.jpg')\">\n\t\t\t\t\t\t<span class=\"wppap-description\">Hotel Park Inn w Krakowie<\/span>\n\t\t\t\t\t<\/a>\n\t\t\t\t<\/li>\n\t\t\t\n\t\t\t\t<li class=\"thum-list\">\n\t\t\t\t\t<a data-mfp-src=\"#thumb32\" href=\"#\" class=\"wppap-thumbnail\" style=\"background-image: url('https:\/\/www.studioklima.pl\/wp-content\/uploads\/2021\/09\/SS-Ketrzyn1.jpg')\">\n\t\t\t\t\t\t<span class=\"wppap-description\">Centra Handlowe Stop Shop<\/span>\n\t\t\t\t\t<\/a>\n\t\t\t\t<\/li>\n\t\t\t\n\t\t\t\t<li class=\"thum-list\">\n\t\t\t\t\t<a data-mfp-src=\"#thumb33\" href=\"#\" class=\"wppap-thumbnail\" style=\"background-image: url('https:\/\/www.studioklima.pl\/wp-content\/uploads\/2021\/09\/radomsko_3-scaled.jpg')\">\n\t\t\t\t\t\t<span class=\"wppap-description\">Szpital w Radomsku<\/span>\n\t\t\t\t\t<\/a>\n\t\t\t\t<\/li>\n\t\t\t\t\t<\/ul>\n\n\t\t<div class=\"wppap-portfolio-content\">\n\n\t\t\t\n\t\t\t\t<div id=\"thumb1\">\n\n\t\t\t\t\t\t\t\t\t\t<div class=\"wppap-medium-6 wppap-columns wppap-left-column\">\n\t\t\t\t\t\t<div class=\"wppap-slider-wrapper\">\n\t\t\t\t\t\t\t<div id=\"wppap-slider-1\" class=\"wpapap-portfolio-img-slider thumb33\" data-conf=\"{&quot;dots&quot;:&quot;true&quot;,&quot;arrows&quot;:&quot;true&quot;,&quot;effect&quot;:&quot;slide&quot;}\">\t\t\t\t\t\t\t\t\t<div class=\"portfolio-slide\">\n\t\t\t\t\t\t\t\t\t\t<img src=\"https:\/\/www.studioklima.pl\/wp-content\/uploads\/2021\/09\/Flisac_exterior_03_cam02B-scaled.jpg\" alt=\"\" \/>\n\t\t\t\t\t\t\t\t\t<\/div>\t\t\t\t\t\t\t\t\t<div class=\"portfolio-slide\">\n\t\t\t\t\t\t\t\t\t\t<img src=\"https:\/\/www.studioklima.pl\/wp-content\/uploads\/2021\/09\/flisac_foyer_06_cam004-3-scaled.jpg\" alt=\"\" \/>\n\t\t\t\t\t\t\t\t\t<\/div>\t\t\t\t\t\t\t\t\t<div class=\"portfolio-slide\">\n\t\t\t\t\t\t\t\t\t\t<img src=\"https:\/\/www.studioklima.pl\/wp-content\/uploads\/2021\/09\/flisac_foyer_06_cam006-4-scaled.jpg\" alt=\"\" \/>\n\t\t\t\t\t\t\t\t\t<\/div>\t\t\t\t\t\t\t\t\t<div class=\"portfolio-slide\">\n\t\t\t\t\t\t\t\t\t\t<img src=\"https:\/\/www.studioklima.pl\/wp-content\/uploads\/2021\/09\/flisac_foyer_08_cam012-4-scaled.jpg\" alt=\"\" \/>\n\t\t\t\t\t\t\t\t\t<\/div>\t\t\t\t\t\t\t\t\t<div class=\"portfolio-slide\">\n\t\t\t\t\t\t\t\t\t\t<img src=\"https:\/\/www.studioklima.pl\/wp-content\/uploads\/2021\/09\/Flisac_Kadr_1_2400px.jpg\" alt=\"\" \/>\n\t\t\t\t\t\t\t\t\t<\/div>\t\t\t\t\t\t\t\t\t<div class=\"portfolio-slide\">\n\t\t\t\t\t\t\t\t\t\t<img src=\"https:\/\/www.studioklima.pl\/wp-content\/uploads\/2021\/09\/FLISAC_Kadr_03_30_11-scaled.jpg\" alt=\"\" \/>\n\t\t\t\t\t\t\t\t\t<\/div>\t\t\t\t\t\t\t\t\t<div class=\"portfolio-slide\">\n\t\t\t\t\t\t\t\t\t\t<img src=\"https:\/\/www.studioklima.pl\/wp-content\/uploads\/2021\/09\/FLISAC_Kadr_04_10_01-scaled.jpg\" alt=\"\" \/>\n\t\t\t\t\t\t\t\t\t<\/div>\t\t\t\t\t\t\t\t\t<div class=\"portfolio-slide\">\n\t\t\t\t\t\t\t\t\t\t<img src=\"https:\/\/www.studioklima.pl\/wp-content\/uploads\/2021\/09\/taras_04B_cam_01-scaled.jpg\" alt=\"\" \/>\n\t\t\t\t\t\t\t\t\t<\/div>\t\t\t\t\t\t\t\t\t<div class=\"portfolio-slide\">\n\t\t\t\t\t\t\t\t\t\t<img src=\"https:\/\/www.studioklima.pl\/wp-content\/uploads\/2021\/09\/taras_04B_cam_02-scaled.jpg\" alt=\"\" \/>\n\t\t\t\t\t\t\t\t\t<\/div>\t\t\t\t\t\t\t\t\t<div class=\"portfolio-slide\">\n\t\t\t\t\t\t\t\t\t\t<img src=\"https:\/\/www.studioklima.pl\/wp-content\/uploads\/2021\/09\/taras_04B_cam_03-scaled.jpg\" alt=\"\" \/>\n\t\t\t\t\t\t\t\t\t<\/div>\t\t\t\t\t\t\t<\/div>\n\t\t\t\t\t\t<\/div>\n\t\t\t\t\t<\/div>\n\t\t\t\t\t\t\t\t\t\t<div class=\"wppap-medium-6 wppap-columns wppap-right-column\">\n\t\t\t\t\t\t<div class=\"wppap-right-content\">\n\t\t\t\t\t\t\t\t\t\t\t\t\t\t\t<div class=\"wppap-title\">Flisac Apartamenty Powi\u015ble<\/div>\n\t\t\t\t\t\t\t\t\t\t\t\t\t\t\t<div class=\"wppap-content\"><p>Warszawa, 7 kondygnacji, 85 apartament\u00f3w<\/p>\n<p>Biuro architektoniczne FS&amp;P Arcus<\/p>\n<\/div>\n\t\t\t\t\t\t\t\t\t\t\t\t\t<\/div>\n\t\t\t\t\t<\/div>\n\t\t\t\t\t\t\t\t\t<\/div>\n\t\t\t \n\t\t\t\t<div id=\"thumb2\">\n\n\t\t\t\t\t\t\t\t\t\t<div class=\"wppap-medium-6 wppap-columns wppap-left-column\">\n\t\t\t\t\t\t<div class=\"wppap-slider-wrapper\">\n\t\t\t\t\t\t\t<div id=\"wppap-slider-2\" class=\"wpapap-portfolio-img-slider thumb33\" data-conf=\"{&quot;dots&quot;:&quot;true&quot;,&quot;arrows&quot;:&quot;true&quot;,&quot;effect&quot;:&quot;slide&quot;}\">\t\t\t\t\t\t\t\t\t<div class=\"portfolio-slide\">\n\t\t\t\t\t\t\t\t\t\t<img src=\"https:\/\/www.studioklima.pl\/wp-content\/uploads\/2021\/09\/Koszyki_1-scaled.jpg\" alt=\"\" \/>\n\t\t\t\t\t\t\t\t\t<\/div>\t\t\t\t\t\t\t\t\t<div class=\"portfolio-slide\">\n\t\t\t\t\t\t\t\t\t\t<img src=\"https:\/\/www.studioklima.pl\/wp-content\/uploads\/2021\/09\/Koszyki_2-scaled.jpg\" alt=\"\" \/>\n\t\t\t\t\t\t\t\t\t<\/div>\t\t\t\t\t\t\t<\/div>\n\t\t\t\t\t\t<\/div>\n\t\t\t\t\t<\/div>\n\t\t\t\t\t\t\t\t\t\t<div class=\"wppap-medium-6 wppap-columns wppap-right-column\">\n\t\t\t\t\t\t<div class=\"wppap-right-content\">\n\t\t\t\t\t\t\t\t\t\t\t\t\t\t\t<div class=\"wppap-title\">Hala Koszyki<\/div>\n\t\t\t\t\t\t\t\t\t\t\t\t\t\t\t<div class=\"wppap-content\"><p>Warszawa, Projekty aran\u017cacji biurowych Mindspace (pow. 3\u2019000 m2)<\/p>\n<\/div>\n\t\t\t\t\t\t\t\t\t\t\t\t\t<\/div>\n\t\t\t\t\t<\/div>\n\t\t\t\t\t\t\t\t\t<\/div>\n\t\t\t \n\t\t\t\t<div id=\"thumb3\">\n\n\t\t\t\t\t\t\t\t\t\t<div class=\"wppap-medium-6 wppap-columns wppap-left-column\">\n\t\t\t\t\t\t<div class=\"wppap-slider-wrapper\">\n\t\t\t\t\t\t\t<div id=\"wppap-slider-3\" class=\"wpapap-portfolio-img-slider thumb33\" data-conf=\"{&quot;dots&quot;:&quot;true&quot;,&quot;arrows&quot;:&quot;true&quot;,&quot;effect&quot;:&quot;slide&quot;}\">\t\t\t\t\t\t\t\t\t<div class=\"portfolio-slide\">\n\t\t\t\t\t\t\t\t\t\t<img src=\"https:\/\/www.studioklima.pl\/wp-content\/uploads\/2021\/09\/tzk-1-Copy.jpg\" alt=\"\" \/>\n\t\t\t\t\t\t\t\t\t<\/div>\t\t\t\t\t\t\t\t\t<div class=\"portfolio-slide\">\n\t\t\t\t\t\t\t\t\t\t<img src=\"https:\/\/www.studioklima.pl\/wp-content\/uploads\/2021\/09\/tzk-2-Copy.jpg\" alt=\"\" \/>\n\t\t\t\t\t\t\t\t\t<\/div>\t\t\t\t\t\t\t\t\t<div class=\"portfolio-slide\">\n\t\t\t\t\t\t\t\t\t\t<img src=\"https:\/\/www.studioklima.pl\/wp-content\/uploads\/2021\/09\/tzk-3-Copy.jpg\" alt=\"\" \/>\n\t\t\t\t\t\t\t\t\t<\/div>\t\t\t\t\t\t\t\t\t<div class=\"portfolio-slide\">\n\t\t\t\t\t\t\t\t\t\t<img src=\"https:\/\/www.studioklima.pl\/wp-content\/uploads\/2021\/09\/tzk-4-Copy.jpg\" alt=\"\" \/>\n\t\t\t\t\t\t\t\t\t<\/div>\t\t\t\t\t\t\t\t\t<div class=\"portfolio-slide\">\n\t\t\t\t\t\t\t\t\t\t<img src=\"https:\/\/www.studioklima.pl\/wp-content\/uploads\/2021\/09\/tzk-5-Copy.jpg\" alt=\"\" \/>\n\t\t\t\t\t\t\t\t\t<\/div>\t\t\t\t\t\t\t\t\t<div class=\"portfolio-slide\">\n\t\t\t\t\t\t\t\t\t\t<img src=\"https:\/\/www.studioklima.pl\/wp-content\/uploads\/2021\/09\/tzk-6-Copy.jpg\" alt=\"\" \/>\n\t\t\t\t\t\t\t\t\t<\/div>\t\t\t\t\t\t\t\t\t<div class=\"portfolio-slide\">\n\t\t\t\t\t\t\t\t\t\t<img src=\"https:\/\/www.studioklima.pl\/wp-content\/uploads\/2021\/09\/tzk-7-Copy.jpg\" alt=\"\" \/>\n\t\t\t\t\t\t\t\t\t<\/div>\t\t\t\t\t\t\t\t\t<div class=\"portfolio-slide\">\n\t\t\t\t\t\t\t\t\t\t<img src=\"https:\/\/www.studioklima.pl\/wp-content\/uploads\/2021\/09\/tzk-8-Copy.jpg\" alt=\"\" \/>\n\t\t\t\t\t\t\t\t\t<\/div>\t\t\t\t\t\t\t<\/div>\n\t\t\t\t\t\t<\/div>\n\t\t\t\t\t<\/div>\n\t\t\t\t\t\t\t\t\t\t<div class=\"wppap-medium-6 wppap-columns wppap-right-column\">\n\t\t\t\t\t\t<div class=\"wppap-right-content\">\n\t\t\t\t\t\t\t\t\t\t\t\t\t\t\t<div class=\"wppap-title\">Teatr im. Stefana \u017beromskiego<\/div>\n\t\t\t\t\t\t\t\t\t\t\t\t\t\t\t<div class=\"wppap-content\"><p>Kielce, PU ok. 4\u2019500m2,<\/p>\n<p><P>Pracownia architektoniczna WXCA<\/p>\n<\/div>\n\t\t\t\t\t\t\t\t\t\t\t\t\t<\/div>\n\t\t\t\t\t<\/div>\n\t\t\t\t\t\t\t\t\t<\/div>\n\t\t\t \n\t\t\t\t<div id=\"thumb4\">\n\n\t\t\t\t\t\t\t\t\t\t<div class=\"wppap-medium-6 wppap-columns wppap-left-column\">\n\t\t\t\t\t\t<div class=\"wppap-slider-wrapper\">\n\t\t\t\t\t\t\t<div id=\"wppap-slider-4\" class=\"wpapap-portfolio-img-slider thumb33\" data-conf=\"{&quot;dots&quot;:&quot;true&quot;,&quot;arrows&quot;:&quot;true&quot;,&quot;effect&quot;:&quot;slide&quot;}\">\t\t\t\t\t\t\t\t\t<div class=\"portfolio-slide\">\n\t\t\t\t\t\t\t\t\t\t<img src=\"https:\/\/www.studioklima.pl\/wp-content\/uploads\/2021\/09\/Dzielna1-scaled.jpg\" alt=\"\" \/>\n\t\t\t\t\t\t\t\t\t<\/div>\t\t\t\t\t\t\t\t\t<div class=\"portfolio-slide\">\n\t\t\t\t\t\t\t\t\t\t<img src=\"https:\/\/www.studioklima.pl\/wp-content\/uploads\/2021\/09\/Dzielna2-scaled.jpg\" alt=\"\" \/>\n\t\t\t\t\t\t\t\t\t<\/div>\t\t\t\t\t\t\t<\/div>\n\t\t\t\t\t\t<\/div>\n\t\t\t\t\t<\/div>\n\t\t\t\t\t\t\t\t\t\t<div class=\"wppap-medium-6 wppap-columns wppap-right-column\">\n\t\t\t\t\t\t<div class=\"wppap-right-content\">\n\t\t\t\t\t\t\t\t\t\t\t\t\t\t\t<div class=\"wppap-title\">Budynek apartamentowy Dzielna 64<\/div>\n\t\t\t\t\t\t\t\t\t\t\t\t\t\t\t<div class=\"wppap-content\"><p>Warszawa, PU 10\u2019500 m2<\/p>\n<\/div>\n\t\t\t\t\t\t\t\t\t\t\t\t\t<\/div>\n\t\t\t\t\t<\/div>\n\t\t\t\t\t\t\t\t\t<\/div>\n\t\t\t \n\t\t\t\t<div id=\"thumb5\">\n\n\t\t\t\t\t\t\t\t\t\t<div class=\"wppap-medium-6 wppap-columns wppap-left-column\">\n\t\t\t\t\t\t<div class=\"wppap-slider-wrapper\">\n\t\t\t\t\t\t\t<div id=\"wppap-slider-5\" class=\"wpapap-portfolio-img-slider thumb33\" data-conf=\"{&quot;dots&quot;:&quot;true&quot;,&quot;arrows&quot;:&quot;true&quot;,&quot;effect&quot;:&quot;slide&quot;}\">\t\t\t\t\t\t\t\t\t<div class=\"portfolio-slide\">\n\t\t\t\t\t\t\t\t\t\t<img src=\"https:\/\/www.studioklima.pl\/wp-content\/uploads\/2021\/09\/UW-Aka1-scaled.jpg\" alt=\"\" \/>\n\t\t\t\t\t\t\t\t\t<\/div>\t\t\t\t\t\t\t\t\t<div class=\"portfolio-slide\">\n\t\t\t\t\t\t\t\t\t\t<img src=\"https:\/\/www.studioklima.pl\/wp-content\/uploads\/2021\/09\/UW-Aka2-scaled.jpg\" alt=\"\" \/>\n\t\t\t\t\t\t\t\t\t<\/div>\t\t\t\t\t\t\t\t\t<div class=\"portfolio-slide\">\n\t\t\t\t\t\t\t\t\t\t<img src=\"https:\/\/www.studioklima.pl\/wp-content\/uploads\/2021\/09\/UW-Aka3.jpg\" alt=\"\" \/>\n\t\t\t\t\t\t\t\t\t<\/div>\t\t\t\t\t\t\t\t\t<div class=\"portfolio-slide\">\n\t\t\t\t\t\t\t\t\t\t<img src=\"https:\/\/www.studioklima.pl\/wp-content\/uploads\/2021\/09\/UW-Aka4-scaled.jpg\" alt=\"\" \/>\n\t\t\t\t\t\t\t\t\t<\/div>\t\t\t\t\t\t\t<\/div>\n\t\t\t\t\t\t<\/div>\n\t\t\t\t\t<\/div>\n\t\t\t\t\t\t\t\t\t\t<div class=\"wppap-medium-6 wppap-columns wppap-right-column\">\n\t\t\t\t\t\t<div class=\"wppap-right-content\">\n\t\t\t\t\t\t\t\t\t\t\t\t\t\t\t<div class=\"wppap-title\">Dom Studencki UW Kampus S\u0142u\u017cewiec<\/div>\n\t\t\t\t\t\t\t\t\t\t\t\t\t\t\t<div class=\"wppap-content\"><p>Warszawa, PU ok. 6\u2019000m2<\/p>\n<p>Pracownia architektoniczna Projekt Praga<\/p>\n<\/div>\n\t\t\t\t\t\t\t\t\t\t\t\t\t<\/div>\n\t\t\t\t\t<\/div>\n\t\t\t\t\t\t\t\t\t<\/div>\n\t\t\t \n\t\t\t\t<div id=\"thumb6\">\n\n\t\t\t\t\t\t\t\t\t\t<div class=\"wppap-medium-6 wppap-columns wppap-left-column\">\n\t\t\t\t\t\t<div class=\"wppap-slider-wrapper\">\n\t\t\t\t\t\t\t<div id=\"wppap-slider-6\" class=\"wpapap-portfolio-img-slider thumb33\" data-conf=\"{&quot;dots&quot;:&quot;true&quot;,&quot;arrows&quot;:&quot;true&quot;,&quot;effect&quot;:&quot;slide&quot;}\">\t\t\t\t\t\t\t\t\t<div class=\"portfolio-slide\">\n\t\t\t\t\t\t\t\t\t\t<img src=\"https:\/\/www.studioklima.pl\/wp-content\/uploads\/2021\/09\/UW-Psych_kawiarnia-scaled.jpg\" alt=\"\" \/>\n\t\t\t\t\t\t\t\t\t<\/div>\t\t\t\t\t\t\t\t\t<div class=\"portfolio-slide\">\n\t\t\t\t\t\t\t\t\t\t<img src=\"https:\/\/www.studioklima.pl\/wp-content\/uploads\/2021\/09\/UW-Psych_przekroj.png\" alt=\"\" \/>\n\t\t\t\t\t\t\t\t\t<\/div>\t\t\t\t\t\t\t\t\t<div class=\"portfolio-slide\">\n\t\t\t\t\t\t\t\t\t\t<img src=\"https:\/\/www.studioklima.pl\/wp-content\/uploads\/2021\/09\/UW_Psych_atrium-scaled.jpg\" alt=\"\" \/>\n\t\t\t\t\t\t\t\t\t<\/div>\t\t\t\t\t\t\t\t\t<div class=\"portfolio-slide\">\n\t\t\t\t\t\t\t\t\t\t<img src=\"https:\/\/www.studioklima.pl\/wp-content\/uploads\/2021\/09\/UW_Psych_aula-scaled.jpg\" alt=\"\" \/>\n\t\t\t\t\t\t\t\t\t<\/div>\t\t\t\t\t\t\t\t\t<div class=\"portfolio-slide\">\n\t\t\t\t\t\t\t\t\t\t<img src=\"https:\/\/www.studioklima.pl\/wp-content\/uploads\/2021\/09\/UW_Psych_parter-scaled.jpg\" alt=\"\" \/>\n\t\t\t\t\t\t\t\t\t<\/div>\t\t\t\t\t\t\t<\/div>\n\t\t\t\t\t\t<\/div>\n\t\t\t\t\t<\/div>\n\t\t\t\t\t\t\t\t\t\t<div class=\"wppap-medium-6 wppap-columns wppap-right-column\">\n\t\t\t\t\t\t<div class=\"wppap-right-content\">\n\t\t\t\t\t\t\t\t\t\t\t\t\t\t\t<div class=\"wppap-title\">Budynek naukowo-dydaktyczny UW Wydzia\u0142 Psychologii<\/div>\n\t\t\t\t\t\t\t\t\t\t\t\t\t\t\t<div class=\"wppap-content\"><p>Warszawa, PU ok. 13\u2019500m2<\/p>\n<p>Pracownia architektoniczna Projekt Praga<\/p>\n<\/div>\n\t\t\t\t\t\t\t\t\t\t\t\t\t<\/div>\n\t\t\t\t\t<\/div>\n\t\t\t\t\t\t\t\t\t<\/div>\n\t\t\t \n\t\t\t\t<div id=\"thumb7\">\n\n\t\t\t\t\t\t\t\t\t\t<div class=\"wppap-medium-6 wppap-columns wppap-left-column\">\n\t\t\t\t\t\t<div class=\"wppap-slider-wrapper\">\n\t\t\t\t\t\t\t<div id=\"wppap-slider-7\" class=\"wpapap-portfolio-img-slider thumb33\" data-conf=\"{&quot;dots&quot;:&quot;true&quot;,&quot;arrows&quot;:&quot;true&quot;,&quot;effect&quot;:&quot;slide&quot;}\">\t\t\t\t\t\t\t\t\t<div class=\"portfolio-slide\">\n\t\t\t\t\t\t\t\t\t\t<img src=\"https:\/\/www.studioklima.pl\/wp-content\/uploads\/2021\/09\/Ksawerow_1-scaled.jpg\" alt=\"\" \/>\n\t\t\t\t\t\t\t\t\t<\/div>\t\t\t\t\t\t\t\t\t<div class=\"portfolio-slide\">\n\t\t\t\t\t\t\t\t\t\t<img src=\"https:\/\/www.studioklima.pl\/wp-content\/uploads\/2021\/09\/Ksawerow_2-scaled.jpg\" alt=\"\" \/>\n\t\t\t\t\t\t\t\t\t<\/div>\t\t\t\t\t\t\t\t\t<div class=\"portfolio-slide\">\n\t\t\t\t\t\t\t\t\t\t<img src=\"https:\/\/www.studioklima.pl\/wp-content\/uploads\/2021\/09\/Ksawerow_3-scaled.jpg\" alt=\"\" \/>\n\t\t\t\t\t\t\t\t\t<\/div>\t\t\t\t\t\t\t<\/div>\n\t\t\t\t\t\t<\/div>\n\t\t\t\t\t<\/div>\n\t\t\t\t\t\t\t\t\t\t<div class=\"wppap-medium-6 wppap-columns wppap-right-column\">\n\t\t\t\t\t\t<div class=\"wppap-right-content\">\n\t\t\t\t\t\t\t\t\t\t\t\t\t\t\t<div class=\"wppap-title\">Apartamenty Ksawer\u00f3w<\/div>\n\t\t\t\t\t\t\t\t\t\t\t\t\t\t\t<div class=\"wppap-content\"><p>Warszawa, PUM ok.3\u2019000m2<\/p>\n<\/div>\n\t\t\t\t\t\t\t\t\t\t\t\t\t<\/div>\n\t\t\t\t\t<\/div>\n\t\t\t\t\t\t\t\t\t<\/div>\n\t\t\t \n\t\t\t\t<div id=\"thumb8\">\n\n\t\t\t\t\t\t\t\t\t\t<div class=\"wppap-medium-6 wppap-columns wppap-left-column\">\n\t\t\t\t\t\t<div class=\"wppap-slider-wrapper\">\n\t\t\t\t\t\t\t<div id=\"wppap-slider-8\" class=\"wpapap-portfolio-img-slider thumb33\" data-conf=\"{&quot;dots&quot;:&quot;true&quot;,&quot;arrows&quot;:&quot;true&quot;,&quot;effect&quot;:&quot;slide&quot;}\">\t\t\t\t\t\t\t\t\t<div class=\"portfolio-slide\">\n\t\t\t\t\t\t\t\t\t\t<img src=\"https:\/\/www.studioklima.pl\/wp-content\/uploads\/2021\/09\/Equator_IV_2-scaled.jpg\" alt=\"\" \/>\n\t\t\t\t\t\t\t\t\t<\/div>\t\t\t\t\t\t\t\t\t<div class=\"portfolio-slide\">\n\t\t\t\t\t\t\t\t\t\t<img src=\"https:\/\/www.studioklima.pl\/wp-content\/uploads\/2021\/09\/Equator_IV_3-scaled.jpg\" alt=\"\" \/>\n\t\t\t\t\t\t\t\t\t<\/div>\t\t\t\t\t\t\t\t\t<div class=\"portfolio-slide\">\n\t\t\t\t\t\t\t\t\t\t<img src=\"https:\/\/www.studioklima.pl\/wp-content\/uploads\/2021\/09\/Equator_IV_1-scaled.jpg\" alt=\"\" \/>\n\t\t\t\t\t\t\t\t\t<\/div>\t\t\t\t\t\t\t<\/div>\n\t\t\t\t\t\t<\/div>\n\t\t\t\t\t<\/div>\n\t\t\t\t\t\t\t\t\t\t<div class=\"wppap-medium-6 wppap-columns wppap-right-column\">\n\t\t\t\t\t\t<div class=\"wppap-right-content\">\n\t\t\t\t\t\t\t\t\t\t\t\t\t\t\t<div class=\"wppap-title\">Budynek biurowy Equator IV<\/div>\n\t\t\t\t\t\t\t\t\t\t\t\t\t\t\t<div class=\"wppap-content\"><p>Warszawa<\/p>\n<p>Projekt aran\u017cacji Fitness Klub Zdrofit (pow. 2\u2019000 m2),<br \/>Projekty aran\u017cacji restauracji (pow. 1\u2019500 m2)<\/p>\n<\/div>\n\t\t\t\t\t\t\t\t\t\t\t\t\t<\/div>\n\t\t\t\t\t<\/div>\n\t\t\t\t\t\t\t\t\t<\/div>\n\t\t\t \n\t\t\t\t<div id=\"thumb9\">\n\n\t\t\t\t\t\t\t\t\t\t<div class=\"wppap-medium-6 wppap-columns wppap-left-column\">\n\t\t\t\t\t\t<div class=\"wppap-slider-wrapper\">\n\t\t\t\t\t\t\t<div id=\"wppap-slider-9\" class=\"wpapap-portfolio-img-slider thumb33\" data-conf=\"{&quot;dots&quot;:&quot;true&quot;,&quot;arrows&quot;:&quot;true&quot;,&quot;effect&quot;:&quot;fade&quot;}\">\t\t\t\t\t\t\t\t\t<div class=\"portfolio-slide\">\n\t\t\t\t\t\t\t\t\t\t<img src=\"https:\/\/www.studioklima.pl\/wp-content\/uploads\/2021\/09\/bristol-scaled.jpg\" alt=\"\" \/>\n\t\t\t\t\t\t\t\t\t<\/div>\t\t\t\t\t\t\t<\/div>\n\t\t\t\t\t\t<\/div>\n\t\t\t\t\t<\/div>\n\t\t\t\t\t\t\t\t\t\t<div class=\"wppap-medium-6 wppap-columns wppap-right-column\">\n\t\t\t\t\t\t<div class=\"wppap-right-content\">\n\t\t\t\t\t\t\t\t\t\t\t\t\t\t\t<div class=\"wppap-title\">Hotel Bristol &#8211; Cafe<\/div>\n\t\t\t\t\t\t\t\t\t\t\t\t\t\t\t<div class=\"wppap-content\"><p>Warszawa, Projekt kawiarni oraz aran\u017cacji powierzchni biurowej<br \/>\nPracownia architektoniczna Ardesco<\/p>\n<\/div>\n\t\t\t\t\t\t\t\t\t\t\t\t\t<\/div>\n\t\t\t\t\t<\/div>\n\t\t\t\t\t\t\t\t\t<\/div>\n\t\t\t \n\t\t\t\t<div id=\"thumb10\">\n\n\t\t\t\t\t\t\t\t\t\t<div class=\"wppap-medium-6 wppap-columns wppap-left-column\">\n\t\t\t\t\t\t<div class=\"wppap-slider-wrapper\">\n\t\t\t\t\t\t\t<div id=\"wppap-slider-10\" class=\"wpapap-portfolio-img-slider thumb33\" data-conf=\"{&quot;dots&quot;:&quot;true&quot;,&quot;arrows&quot;:&quot;true&quot;,&quot;effect&quot;:&quot;slide&quot;}\">\t\t\t\t\t\t\t\t\t<div class=\"portfolio-slide\">\n\t\t\t\t\t\t\t\t\t\t<img src=\"https:\/\/www.studioklima.pl\/wp-content\/uploads\/2021\/09\/ROG_WIZ_1-scaled.jpg\" alt=\"\" \/>\n\t\t\t\t\t\t\t\t\t<\/div>\t\t\t\t\t\t\t\t\t<div class=\"portfolio-slide\">\n\t\t\t\t\t\t\t\t\t\t<img src=\"https:\/\/www.studioklima.pl\/wp-content\/uploads\/2021\/09\/ROG_WIZ_2-scaled.jpg\" alt=\"\" \/>\n\t\t\t\t\t\t\t\t\t<\/div>\t\t\t\t\t\t\t\t\t<div class=\"portfolio-slide\">\n\t\t\t\t\t\t\t\t\t\t<img src=\"https:\/\/www.studioklima.pl\/wp-content\/uploads\/2021\/09\/ROG_WIZ_4-scaled.jpg\" alt=\"\" \/>\n\t\t\t\t\t\t\t\t\t<\/div>\t\t\t\t\t\t\t\t\t<div class=\"portfolio-slide\">\n\t\t\t\t\t\t\t\t\t\t<img src=\"https:\/\/www.studioklima.pl\/wp-content\/uploads\/2021\/09\/ROG_WIZ_A_2-scaled.jpg\" alt=\"\" \/>\n\t\t\t\t\t\t\t\t\t<\/div>\t\t\t\t\t\t\t\t\t<div class=\"portfolio-slide\">\n\t\t\t\t\t\t\t\t\t\t<img src=\"https:\/\/www.studioklima.pl\/wp-content\/uploads\/2021\/09\/ROG_WIZ_B_1-scaled.jpg\" alt=\"\" \/>\n\t\t\t\t\t\t\t\t\t<\/div>\t\t\t\t\t\t\t<\/div>\n\t\t\t\t\t\t<\/div>\n\t\t\t\t\t<\/div>\n\t\t\t\t\t\t\t\t\t\t<div class=\"wppap-medium-6 wppap-columns wppap-right-column\">\n\t\t\t\t\t\t<div class=\"wppap-right-content\">\n\t\t\t\t\t\t\t\t\t\t\t\t\t\t\t<div class=\"wppap-title\">Kompleks apartamentowo-hotelowy z basenem i SPA Shelter Rogowo<\/div>\n\t\t\t\t\t\t\t\t\t\t\t\t\t\t\t<div class=\"wppap-content\"><p>PU 35\u2019000 m2<\/p>\n<p>Pracownia Architektoniczna G\u0142\u0119bowski Studio<\/p>\n<\/div>\n\t\t\t\t\t\t\t\t\t\t\t\t\t<\/div>\n\t\t\t\t\t<\/div>\n\t\t\t\t\t\t\t\t\t<\/div>\n\t\t\t \n\t\t\t\t<div id=\"thumb11\">\n\n\t\t\t\t\t\t\t\t\t\t<div class=\"wppap-medium-6 wppap-columns wppap-left-column\">\n\t\t\t\t\t\t<div class=\"wppap-slider-wrapper\">\n\t\t\t\t\t\t\t<div id=\"wppap-slider-11\" class=\"wpapap-portfolio-img-slider thumb33\" data-conf=\"{&quot;dots&quot;:&quot;true&quot;,&quot;arrows&quot;:&quot;true&quot;,&quot;effect&quot;:&quot;slide&quot;}\">\t\t\t\t\t\t\t\t\t<div class=\"portfolio-slide\">\n\t\t\t\t\t\t\t\t\t\t<img src=\"https:\/\/www.studioklima.pl\/wp-content\/uploads\/2021\/09\/MU1-patio-scaled.jpg\" alt=\"\" \/>\n\t\t\t\t\t\t\t\t\t<\/div>\t\t\t\t\t\t\t\t\t<div class=\"portfolio-slide\">\n\t\t\t\t\t\t\t\t\t\t<img src=\"https:\/\/www.studioklima.pl\/wp-content\/uploads\/2021\/09\/MU1-front-scaled.jpg\" alt=\"\" \/>\n\t\t\t\t\t\t\t\t\t<\/div>\t\t\t\t\t\t\t\t\t<div class=\"portfolio-slide\">\n\t\t\t\t\t\t\t\t\t\t<img src=\"https:\/\/www.studioklima.pl\/wp-content\/uploads\/2021\/09\/MU3A-od-ulicy-scaled.jpg\" alt=\"\" \/>\n\t\t\t\t\t\t\t\t\t<\/div>\t\t\t\t\t\t\t\t\t<div class=\"portfolio-slide\">\n\t\t\t\t\t\t\t\t\t\t<img src=\"https:\/\/www.studioklima.pl\/wp-content\/uploads\/2021\/09\/MU3A-od-podworka-scaled.jpg\" alt=\"\" \/>\n\t\t\t\t\t\t\t\t\t<\/div>\t\t\t\t\t\t\t<\/div>\n\t\t\t\t\t\t<\/div>\n\t\t\t\t\t<\/div>\n\t\t\t\t\t\t\t\t\t\t<div class=\"wppap-medium-6 wppap-columns wppap-right-column\">\n\t\t\t\t\t\t<div class=\"wppap-right-content\">\n\t\t\t\t\t\t\t\t\t\t\t\t\t\t\t<div class=\"wppap-title\">Osiedle mieszkaniowe M\u00f3j Ursus<\/div>\n\t\t\t\t\t\t\t\t\t\t\t\t\t\t\t<div class=\"wppap-content\"><p>PUM ponad 80\u2019000m2 <br \/>\nPracownia architektoniczna Atelier3<\/p>\n<\/div>\n\t\t\t\t\t\t\t\t\t\t\t\t\t<\/div>\n\t\t\t\t\t<\/div>\n\t\t\t\t\t\t\t\t\t<\/div>\n\t\t\t \n\t\t\t\t<div id=\"thumb12\">\n\n\t\t\t\t\t\t\t\t\t\t<div class=\"wppap-medium-6 wppap-columns wppap-left-column\">\n\t\t\t\t\t\t<div class=\"wppap-slider-wrapper\">\n\t\t\t\t\t\t\t<div id=\"wppap-slider-12\" class=\"wpapap-portfolio-img-slider thumb33\" data-conf=\"{&quot;dots&quot;:&quot;true&quot;,&quot;arrows&quot;:&quot;true&quot;,&quot;effect&quot;:&quot;slide&quot;}\">\t\t\t\t\t\t\t\t\t<div class=\"portfolio-slide\">\n\t\t\t\t\t\t\t\t\t\t<img src=\"https:\/\/www.studioklima.pl\/wp-content\/uploads\/2021\/09\/SNU-E2-widok-od-N-scaled.jpg\" alt=\"\" \/>\n\t\t\t\t\t\t\t\t\t<\/div>\t\t\t\t\t\t\t\t\t<div class=\"portfolio-slide\">\n\t\t\t\t\t\t\t\t\t\t<img src=\"https:\/\/www.studioklima.pl\/wp-content\/uploads\/2021\/09\/SNU-E2-widok-od-S-scaled.jpg\" alt=\"\" \/>\n\t\t\t\t\t\t\t\t\t<\/div>\t\t\t\t\t\t\t\t\t<div class=\"portfolio-slide\">\n\t\t\t\t\t\t\t\t\t\t<img src=\"https:\/\/www.studioklima.pl\/wp-content\/uploads\/2021\/09\/snu4-scaled.jpg\" alt=\"\" \/>\n\t\t\t\t\t\t\t\t\t<\/div>\t\t\t\t\t\t\t\t\t<div class=\"portfolio-slide\">\n\t\t\t\t\t\t\t\t\t\t<img src=\"https:\/\/www.studioklima.pl\/wp-content\/uploads\/2021\/09\/Stacja-Nowy-Ursus-Kadr-od-patio-12d-v3.0-scaled.jpg\" alt=\"\" \/>\n\t\t\t\t\t\t\t\t\t<\/div>\t\t\t\t\t\t\t<\/div>\n\t\t\t\t\t\t<\/div>\n\t\t\t\t\t<\/div>\n\t\t\t\t\t\t\t\t\t\t<div class=\"wppap-medium-6 wppap-columns wppap-right-column\">\n\t\t\t\t\t\t<div class=\"wppap-right-content\">\n\t\t\t\t\t\t\t\t\t\t\t\t\t\t\t<div class=\"wppap-title\">Osiedle mieszkaniowe Stacja Nowy Ursus<\/div>\n\t\t\t\t\t\t\t\t\t\t\t\t\t\t\t<div class=\"wppap-content\"><p>PUM ponad 70\u2019000m2<\/p>\n<p>Pracownia architektoniczna Atelier3<\/p>\n<\/div>\n\t\t\t\t\t\t\t\t\t\t\t\t\t<\/div>\n\t\t\t\t\t<\/div>\n\t\t\t\t\t\t\t\t\t<\/div>\n\t\t\t \n\t\t\t\t<div id=\"thumb13\">\n\n\t\t\t\t\t\t\t\t\t\t<div class=\"wppap-medium-6 wppap-columns wppap-left-column\">\n\t\t\t\t\t\t<div class=\"wppap-slider-wrapper\">\n\t\t\t\t\t\t\t<div id=\"wppap-slider-13\" class=\"wpapap-portfolio-img-slider thumb33\" data-conf=\"{&quot;dots&quot;:&quot;true&quot;,&quot;arrows&quot;:&quot;true&quot;,&quot;effect&quot;:&quot;slide&quot;}\">\t\t\t\t\t\t\t\t\t<div class=\"portfolio-slide\">\n\t\t\t\t\t\t\t\t\t\t<img src=\"https:\/\/www.studioklima.pl\/wp-content\/uploads\/2021\/09\/MJP1.jpg\" alt=\"\" \/>\n\t\t\t\t\t\t\t\t\t<\/div>\t\t\t\t\t\t\t\t\t<div class=\"portfolio-slide\">\n\t\t\t\t\t\t\t\t\t\t<img src=\"https:\/\/www.studioklima.pl\/wp-content\/uploads\/2021\/09\/MJP2.jpg\" alt=\"\" \/>\n\t\t\t\t\t\t\t\t\t<\/div>\t\t\t\t\t\t\t\t\t<div class=\"portfolio-slide\">\n\t\t\t\t\t\t\t\t\t\t<img src=\"https:\/\/www.studioklima.pl\/wp-content\/uploads\/2021\/09\/MJP3.jpg\" alt=\"\" \/>\n\t\t\t\t\t\t\t\t\t<\/div>\t\t\t\t\t\t\t<\/div>\n\t\t\t\t\t\t<\/div>\n\t\t\t\t\t<\/div>\n\t\t\t\t\t\t\t\t\t\t<div class=\"wppap-medium-6 wppap-columns wppap-right-column\">\n\t\t\t\t\t\t<div class=\"wppap-right-content\">\n\t\t\t\t\t\t\t\t\t\t\t\t\t\t\t<div class=\"wppap-title\">Muzeum J\u00f3zefa Pi\u0142sudskiego w Sulej\u00f3wku<\/div>\n\t\t\t\t\t\t\t\t\t\t\t\t\t\t\t<div class=\"wppap-content\"><p>PU 10\u2019000 m2<\/p>\n<p><strong>Nagroda bran\u017cowa PASCAL 2020<\/strong><\/p>\n<\/div>\n\t\t\t\t\t\t\t\t\t\t\t\t\t<\/div>\n\t\t\t\t\t<\/div>\n\t\t\t\t\t\t\t\t\t<\/div>\n\t\t\t \n\t\t\t\t<div id=\"thumb14\">\n\n\t\t\t\t\t\t\t\t\t\t<div class=\"wppap-medium-6 wppap-columns wppap-left-column\">\n\t\t\t\t\t\t<div class=\"wppap-slider-wrapper\">\n\t\t\t\t\t\t\t<div id=\"wppap-slider-14\" class=\"wpapap-portfolio-img-slider thumb33\" data-conf=\"{&quot;dots&quot;:&quot;true&quot;,&quot;arrows&quot;:&quot;true&quot;,&quot;effect&quot;:&quot;slide&quot;}\">\t\t\t\t\t\t\t\t\t<div class=\"portfolio-slide\">\n\t\t\t\t\t\t\t\t\t\t<img src=\"https:\/\/www.studioklima.pl\/wp-content\/uploads\/2021\/09\/e019d16f003939de310251dfde6c0f8b.jpeg\" alt=\"\" \/>\n\t\t\t\t\t\t\t\t\t<\/div>\t\t\t\t\t\t\t\t\t<div class=\"portfolio-slide\">\n\t\t\t\t\t\t\t\t\t\t<img src=\"https:\/\/www.studioklima.pl\/wp-content\/uploads\/2021\/09\/f282e01f84e84e5aef4e59502eb5336b.jpeg\" alt=\"\" \/>\n\t\t\t\t\t\t\t\t\t<\/div>\t\t\t\t\t\t\t<\/div>\n\t\t\t\t\t\t<\/div>\n\t\t\t\t\t<\/div>\n\t\t\t\t\t\t\t\t\t\t<div class=\"wppap-medium-6 wppap-columns wppap-right-column\">\n\t\t\t\t\t\t<div class=\"wppap-right-content\">\n\t\t\t\t\t\t\t\t\t\t\t\t\t\t\t<div class=\"wppap-title\">Budynek biurowo-us\u0142ugowy ERA2000<\/div>\n\t\t\t\t\t\t\t\t\t\t\t\t\t\t\t<div class=\"wppap-content\"><p>al. Jerozolimskie, Warszawa, GLA. 24\u2019000 m2<\/p>\n<p>Pracownia architektoniczna APA Wojciechowski<\/p>\n<\/div>\n\t\t\t\t\t\t\t\t\t\t\t\t\t<\/div>\n\t\t\t\t\t<\/div>\n\t\t\t\t\t\t\t\t\t<\/div>\n\t\t\t \n\t\t\t\t<div id=\"thumb15\">\n\n\t\t\t\t\t\t\t\t\t\t<div class=\"wppap-medium-6 wppap-columns wppap-left-column\">\n\t\t\t\t\t\t<div class=\"wppap-slider-wrapper\">\n\t\t\t\t\t\t\t<div id=\"wppap-slider-15\" class=\"wpapap-portfolio-img-slider thumb33\" data-conf=\"{&quot;dots&quot;:&quot;true&quot;,&quot;arrows&quot;:&quot;true&quot;,&quot;effect&quot;:&quot;slide&quot;}\">\t\t\t\t\t\t\t\t\t<div class=\"portfolio-slide\">\n\t\t\t\t\t\t\t\t\t\t<img src=\"https:\/\/www.studioklima.pl\/wp-content\/uploads\/2021\/09\/Plac_unii_1-scaled.jpg\" alt=\"\" \/>\n\t\t\t\t\t\t\t\t\t<\/div>\t\t\t\t\t\t\t\t\t<div class=\"portfolio-slide\">\n\t\t\t\t\t\t\t\t\t\t<img src=\"https:\/\/www.studioklima.pl\/wp-content\/uploads\/2021\/09\/Plac_unii_2-scaled.jpg\" alt=\"\" \/>\n\t\t\t\t\t\t\t\t\t<\/div>\t\t\t\t\t\t\t<\/div>\n\t\t\t\t\t\t<\/div>\n\t\t\t\t\t<\/div>\n\t\t\t\t\t\t\t\t\t\t<div class=\"wppap-medium-6 wppap-columns wppap-right-column\">\n\t\t\t\t\t\t<div class=\"wppap-right-content\">\n\t\t\t\t\t\t\t\t\t\t\t\t\t\t\t<div class=\"wppap-title\">Budynek biurowo-us\u0142ugowy Nowy Plac Unii<\/div>\n\t\t\t\t\t\t\t\t\t\t\t\t\t\t\t<div class=\"wppap-content\"><p>Warszawa<br \/>\n<P>Projekt aran\u017cacji biurowych (pow. 12\u2019000 m2)<\/P><\/p>\n<\/div>\n\t\t\t\t\t\t\t\t\t\t\t\t\t<\/div>\n\t\t\t\t\t<\/div>\n\t\t\t\t\t\t\t\t\t<\/div>\n\t\t\t \n\t\t\t\t<div id=\"thumb16\">\n\n\t\t\t\t\t\t\t\t\t\t<div class=\"wppap-medium-6 wppap-columns wppap-left-column\">\n\t\t\t\t\t\t<div class=\"wppap-slider-wrapper\">\n\t\t\t\t\t\t\t<div id=\"wppap-slider-16\" class=\"wpapap-portfolio-img-slider thumb33\" data-conf=\"{&quot;dots&quot;:&quot;true&quot;,&quot;arrows&quot;:&quot;true&quot;,&quot;effect&quot;:&quot;slide&quot;}\">\t\t\t\t\t\t\t\t\t<div class=\"portfolio-slide\">\n\t\t\t\t\t\t\t\t\t\t<img src=\"https:\/\/www.studioklima.pl\/wp-content\/uploads\/2021\/09\/spire_1-scaled.jpg\" alt=\"\" \/>\n\t\t\t\t\t\t\t\t\t<\/div>\t\t\t\t\t\t\t\t\t<div class=\"portfolio-slide\">\n\t\t\t\t\t\t\t\t\t\t<img src=\"https:\/\/www.studioklima.pl\/wp-content\/uploads\/2021\/09\/spire_2.jpg\" alt=\"\" \/>\n\t\t\t\t\t\t\t\t\t<\/div>\t\t\t\t\t\t\t<\/div>\n\t\t\t\t\t\t<\/div>\n\t\t\t\t\t<\/div>\n\t\t\t\t\t\t\t\t\t\t<div class=\"wppap-medium-6 wppap-columns wppap-right-column\">\n\t\t\t\t\t\t<div class=\"wppap-right-content\">\n\t\t\t\t\t\t\t\t\t\t\t\t\t\t\t<div class=\"wppap-title\">Warsaw Spire<\/div>\n\t\t\t\t\t\t\t\t\t\t\t\t\t\t\t<div class=\"wppap-content\"><p>Warszawa, pow. oko\u0142o 20\u2019000 m2<\/p>\n<p>Aran\u017cacja powierzchni biurowych dla Goldman Sachs, Ghelamco, Frontex, CUPT, Daftcode<\/p>\n<\/div>\n\t\t\t\t\t\t\t\t\t\t\t\t\t<\/div>\n\t\t\t\t\t<\/div>\n\t\t\t\t\t\t\t\t\t<\/div>\n\t\t\t \n\t\t\t\t<div id=\"thumb17\">\n\n\t\t\t\t\t\t\t\t\t\t<div class=\"wppap-medium-6 wppap-columns wppap-left-column\">\n\t\t\t\t\t\t<div class=\"wppap-slider-wrapper\">\n\t\t\t\t\t\t\t<div id=\"wppap-slider-17\" class=\"wpapap-portfolio-img-slider thumb33\" data-conf=\"{&quot;dots&quot;:&quot;true&quot;,&quot;arrows&quot;:&quot;true&quot;,&quot;effect&quot;:&quot;slide&quot;}\">\t\t\t\t\t\t\t\t\t<div class=\"portfolio-slide\">\n\t\t\t\t\t\t\t\t\t\t<img src=\"https:\/\/www.studioklima.pl\/wp-content\/uploads\/2021\/09\/PCSS-scaled.jpg\" alt=\"\" \/>\n\t\t\t\t\t\t\t\t\t<\/div>\t\t\t\t\t\t\t<\/div>\n\t\t\t\t\t\t<\/div>\n\t\t\t\t\t<\/div>\n\t\t\t\t\t\t\t\t\t\t<div class=\"wppap-medium-6 wppap-columns wppap-right-column\">\n\t\t\t\t\t\t<div class=\"wppap-right-content\">\n\t\t\t\t\t\t\t\t\t\t\t\t\t\t\t<div class=\"wppap-title\">Pozna\u0144skie Centrum Superkomputerowo Sieciowe<\/div>\n\t\t\t\t\t\t\t\t\t\t\t\t\t\t\t<div class=\"wppap-content\"><p><strong>Nagroda bran\u017cowa PASCAL 2017<\/strong><\/p>\n<\/div>\n\t\t\t\t\t\t\t\t\t\t\t\t\t<\/div>\n\t\t\t\t\t<\/div>\n\t\t\t\t\t\t\t\t\t<\/div>\n\t\t\t \n\t\t\t\t<div id=\"thumb18\">\n\n\t\t\t\t\t\t\t\t\t\t<div class=\"wppap-medium-6 wppap-columns wppap-left-column\">\n\t\t\t\t\t\t<div class=\"wppap-slider-wrapper\">\n\t\t\t\t\t\t\t<div id=\"wppap-slider-18\" class=\"wpapap-portfolio-img-slider thumb33\" data-conf=\"{&quot;dots&quot;:&quot;true&quot;,&quot;arrows&quot;:&quot;true&quot;,&quot;effect&quot;:&quot;slide&quot;}\">\t\t\t\t\t\t\t\t\t<div class=\"portfolio-slide\">\n\t\t\t\t\t\t\t\t\t\t<img src=\"https:\/\/www.studioklima.pl\/wp-content\/uploads\/2021\/09\/TARR.jpg\" alt=\"\" \/>\n\t\t\t\t\t\t\t\t\t<\/div>\t\t\t\t\t\t\t<\/div>\n\t\t\t\t\t\t<\/div>\n\t\t\t\t\t<\/div>\n\t\t\t\t\t\t\t\t\t\t<div class=\"wppap-medium-6 wppap-columns wppap-right-column\">\n\t\t\t\t\t\t<div class=\"wppap-right-content\">\n\t\t\t\t\t\t\t\t\t\t\t\t\t\t\t<div class=\"wppap-title\">Centrum przetwarzania Danych Toru\u0144skiej Agencji Rynku Rolnego<\/div>\n\t\t\t\t\t\t\t\t\t\t\t\t\t\t\t<div class=\"wppap-content\"><p><strong>Uzyskany certyfikat Uptime Institute Tier III<\/strong><\/p>\n<\/div>\n\t\t\t\t\t\t\t\t\t\t\t\t\t<\/div>\n\t\t\t\t\t<\/div>\n\t\t\t\t\t\t\t\t\t<\/div>\n\t\t\t \n\t\t\t\t<div id=\"thumb19\">\n\n\t\t\t\t\t\t\t\t\t\t<div class=\"wppap-medium-6 wppap-columns wppap-left-column\">\n\t\t\t\t\t\t<div class=\"wppap-slider-wrapper\">\n\t\t\t\t\t\t\t<div id=\"wppap-slider-19\" class=\"wpapap-portfolio-img-slider thumb33\" data-conf=\"{&quot;dots&quot;:&quot;true&quot;,&quot;arrows&quot;:&quot;true&quot;,&quot;effect&quot;:&quot;slide&quot;}\">\t\t\t\t\t\t\t\t\t<div class=\"portfolio-slide\">\n\t\t\t\t\t\t\t\t\t\t<img src=\"https:\/\/www.studioklima.pl\/wp-content\/uploads\/2021\/09\/Lazienki_1-scaled-e1631097955302.jpg\" alt=\"\" \/>\n\t\t\t\t\t\t\t\t\t<\/div>\t\t\t\t\t\t\t\t\t<div class=\"portfolio-slide\">\n\t\t\t\t\t\t\t\t\t\t<img src=\"https:\/\/www.studioklima.pl\/wp-content\/uploads\/2021\/09\/Lazienki_2-scaled-e1631097867299.jpg\" alt=\"\" \/>\n\t\t\t\t\t\t\t\t\t<\/div>\t\t\t\t\t\t\t<\/div>\n\t\t\t\t\t\t<\/div>\n\t\t\t\t\t<\/div>\n\t\t\t\t\t\t\t\t\t\t<div class=\"wppap-medium-6 wppap-columns wppap-right-column\">\n\t\t\t\t\t\t<div class=\"wppap-right-content\">\n\t\t\t\t\t\t\t\t\t\t\t\t\t\t\t<div class=\"wppap-title\">Muzeum \u0141azienki Kr\u00f3lewskie<\/div>\n\t\t\t\t\t\t\t\t\t\t\t\t\t\t\t<div class=\"wppap-content\"><p>Koncepcja PU ok. 5\u2019000 <br \/>\nPracownia Architektoniczna Meccanooo architecten bv <br \/>\nPracownia Architektonicza jojko+nawrocki architekci<\/p>\n<\/div>\n\t\t\t\t\t\t\t\t\t\t\t\t\t<\/div>\n\t\t\t\t\t<\/div>\n\t\t\t\t\t\t\t\t\t<\/div>\n\t\t\t \n\t\t\t\t<div id=\"thumb20\">\n\n\t\t\t\t\t\t\t\t\t\t<div class=\"wppap-medium-6 wppap-columns wppap-left-column\">\n\t\t\t\t\t\t<div class=\"wppap-slider-wrapper\">\n\t\t\t\t\t\t\t<div id=\"wppap-slider-20\" class=\"wpapap-portfolio-img-slider thumb33\" data-conf=\"{&quot;dots&quot;:&quot;true&quot;,&quot;arrows&quot;:&quot;true&quot;,&quot;effect&quot;:&quot;slide&quot;}\">\t\t\t\t\t\t\t\t\t<div class=\"portfolio-slide\">\n\t\t\t\t\t\t\t\t\t\t<img src=\"https:\/\/www.studioklima.pl\/wp-content\/uploads\/2021\/09\/MHP1.jpg\" alt=\"\" \/>\n\t\t\t\t\t\t\t\t\t<\/div>\t\t\t\t\t\t\t\t\t<div class=\"portfolio-slide\">\n\t\t\t\t\t\t\t\t\t\t<img src=\"https:\/\/www.studioklima.pl\/wp-content\/uploads\/2021\/09\/MHP2.jpg\" alt=\"\" \/>\n\t\t\t\t\t\t\t\t\t<\/div>\t\t\t\t\t\t\t\t\t<div class=\"portfolio-slide\">\n\t\t\t\t\t\t\t\t\t\t<img src=\"https:\/\/www.studioklima.pl\/wp-content\/uploads\/2021\/09\/MHP3.jpg\" alt=\"\" \/>\n\t\t\t\t\t\t\t\t\t<\/div>\t\t\t\t\t\t\t\t\t<div class=\"portfolio-slide\">\n\t\t\t\t\t\t\t\t\t\t<img src=\"https:\/\/www.studioklima.pl\/wp-content\/uploads\/2021\/09\/MHP4.jpg\" alt=\"\" \/>\n\t\t\t\t\t\t\t\t\t<\/div>\t\t\t\t\t\t\t\t\t<div class=\"portfolio-slide\">\n\t\t\t\t\t\t\t\t\t\t<img src=\"https:\/\/www.studioklima.pl\/wp-content\/uploads\/2021\/09\/MHP5.jpg\" alt=\"\" \/>\n\t\t\t\t\t\t\t\t\t<\/div>\t\t\t\t\t\t\t\t\t<div class=\"portfolio-slide\">\n\t\t\t\t\t\t\t\t\t\t<img src=\"https:\/\/www.studioklima.pl\/wp-content\/uploads\/2021\/09\/MHP6.jpg\" alt=\"\" \/>\n\t\t\t\t\t\t\t\t\t<\/div>\t\t\t\t\t\t\t\t\t<div class=\"portfolio-slide\">\n\t\t\t\t\t\t\t\t\t\t<img src=\"https:\/\/www.studioklima.pl\/wp-content\/uploads\/2021\/09\/MHP7.jpg\" alt=\"\" \/>\n\t\t\t\t\t\t\t\t\t<\/div>\t\t\t\t\t\t\t\t\t<div class=\"portfolio-slide\">\n\t\t\t\t\t\t\t\t\t\t<img src=\"https:\/\/www.studioklima.pl\/wp-content\/uploads\/2021\/09\/MHP8.jpg\" alt=\"\" \/>\n\t\t\t\t\t\t\t\t\t<\/div>\t\t\t\t\t\t\t<\/div>\n\t\t\t\t\t\t<\/div>\n\t\t\t\t\t<\/div>\n\t\t\t\t\t\t\t\t\t\t<div class=\"wppap-medium-6 wppap-columns wppap-right-column\">\n\t\t\t\t\t\t<div class=\"wppap-right-content\">\n\t\t\t\t\t\t\t\t\t\t\t\t\t\t\t<div class=\"wppap-title\">Muzeum Historii Polski<\/div>\n\t\t\t\t\t\t\t\t\t\t\t\t\t\t\t<div class=\"wppap-content\"><p>Aran\u017cacja wystawy sta\u0142ej<br \/>\nGLA 24\u2019000 m2<\/p>\n<\/div>\n\t\t\t\t\t\t\t\t\t\t\t\t\t<\/div>\n\t\t\t\t\t<\/div>\n\t\t\t\t\t\t\t\t\t<\/div>\n\t\t\t \n\t\t\t\t<div id=\"thumb21\">\n\n\t\t\t\t\t\t\t\t\t\t<div class=\"wppap-medium-6 wppap-columns wppap-left-column\">\n\t\t\t\t\t\t<div class=\"wppap-slider-wrapper\">\n\t\t\t\t\t\t\t<div id=\"wppap-slider-21\" class=\"wpapap-portfolio-img-slider thumb33\" data-conf=\"{&quot;dots&quot;:&quot;true&quot;,&quot;arrows&quot;:&quot;true&quot;,&quot;effect&quot;:&quot;slide&quot;}\">\t\t\t\t\t\t\t\t\t<div class=\"portfolio-slide\">\n\t\t\t\t\t\t\t\t\t\t<img src=\"https:\/\/www.studioklima.pl\/wp-content\/uploads\/2021\/09\/1-Copy.jpg\" alt=\"\" \/>\n\t\t\t\t\t\t\t\t\t<\/div>\t\t\t\t\t\t\t\t\t<div class=\"portfolio-slide\">\n\t\t\t\t\t\t\t\t\t\t<img src=\"https:\/\/www.studioklima.pl\/wp-content\/uploads\/2021\/09\/2-Copy.jpg\" alt=\"\" \/>\n\t\t\t\t\t\t\t\t\t<\/div>\t\t\t\t\t\t\t\t\t<div class=\"portfolio-slide\">\n\t\t\t\t\t\t\t\t\t\t<img src=\"https:\/\/www.studioklima.pl\/wp-content\/uploads\/2021\/09\/3-Copy.jpg\" alt=\"\" \/>\n\t\t\t\t\t\t\t\t\t<\/div>\t\t\t\t\t\t\t\t\t<div class=\"portfolio-slide\">\n\t\t\t\t\t\t\t\t\t\t<img src=\"https:\/\/www.studioklima.pl\/wp-content\/uploads\/2021\/09\/4-Copy.jpg\" alt=\"\" \/>\n\t\t\t\t\t\t\t\t\t<\/div>\t\t\t\t\t\t\t\t\t<div class=\"portfolio-slide\">\n\t\t\t\t\t\t\t\t\t\t<img src=\"https:\/\/www.studioklima.pl\/wp-content\/uploads\/2021\/09\/5-Copy.jpg\" alt=\"\" \/>\n\t\t\t\t\t\t\t\t\t<\/div>\t\t\t\t\t\t\t\t\t<div class=\"portfolio-slide\">\n\t\t\t\t\t\t\t\t\t\t<img src=\"https:\/\/www.studioklima.pl\/wp-content\/uploads\/2021\/09\/6-Copy.jpg\" alt=\"\" \/>\n\t\t\t\t\t\t\t\t\t<\/div>\t\t\t\t\t\t\t<\/div>\n\t\t\t\t\t\t<\/div>\n\t\t\t\t\t<\/div>\n\t\t\t\t\t\t\t\t\t\t<div class=\"wppap-medium-6 wppap-columns wppap-right-column\">\n\t\t\t\t\t\t<div class=\"wppap-right-content\">\n\t\t\t\t\t\t\t\t\t\t\t\t\t\t\t<div class=\"wppap-title\">Galeria Sztuki Dom Aukcyjny Desa<\/div>\n\t\t\t\t\t\t\t\t\t\t\t\t\t\t\t<div class=\"wppap-content\"><p>Warszawa, PU 3\u2019000 m2<\/p>\n<p>Pracownia architektoniczna Trzop Architekci<\/p>\n<\/div>\n\t\t\t\t\t\t\t\t\t\t\t\t\t<\/div>\n\t\t\t\t\t<\/div>\n\t\t\t\t\t\t\t\t\t<\/div>\n\t\t\t \n\t\t\t\t<div id=\"thumb22\">\n\n\t\t\t\t\t\t\t\t\t\t<div class=\"wppap-medium-6 wppap-columns wppap-left-column\">\n\t\t\t\t\t\t<div class=\"wppap-slider-wrapper\">\n\t\t\t\t\t\t\t<div id=\"wppap-slider-22\" class=\"wpapap-portfolio-img-slider thumb33\" data-conf=\"{&quot;dots&quot;:&quot;true&quot;,&quot;arrows&quot;:&quot;true&quot;,&quot;effect&quot;:&quot;slide&quot;}\">\t\t\t\t\t\t\t\t\t<div class=\"portfolio-slide\">\n\t\t\t\t\t\t\t\t\t\t<img src=\"https:\/\/www.studioklima.pl\/wp-content\/uploads\/2021\/09\/Korczowa1.jpg\" alt=\"\" \/>\n\t\t\t\t\t\t\t\t\t<\/div>\t\t\t\t\t\t\t\t\t<div class=\"portfolio-slide\">\n\t\t\t\t\t\t\t\t\t\t<img src=\"https:\/\/www.studioklima.pl\/wp-content\/uploads\/2021\/09\/Korczowa2.jpg\" alt=\"\" \/>\n\t\t\t\t\t\t\t\t\t<\/div>\t\t\t\t\t\t\t\t\t<div class=\"portfolio-slide\">\n\t\t\t\t\t\t\t\t\t\t<img src=\"https:\/\/www.studioklima.pl\/wp-content\/uploads\/2021\/09\/Korczowa3.jpg\" alt=\"\" \/>\n\t\t\t\t\t\t\t\t\t<\/div>\t\t\t\t\t\t\t<\/div>\n\t\t\t\t\t\t<\/div>\n\t\t\t\t\t<\/div>\n\t\t\t\t\t\t\t\t\t\t<div class=\"wppap-medium-6 wppap-columns wppap-right-column\">\n\t\t\t\t\t\t<div class=\"wppap-right-content\">\n\t\t\t\t\t\t\t\t\t\t\t\t\t\t\t<div class=\"wppap-title\">Centrum Logistyczne East A4<\/div>\n\t\t\t\t\t\t\t\t\t\t\t\t\t\t\t<div class=\"wppap-content\"><p>Korczowa, PU 50\u2019000 m2<\/p>\n<\/div>\n\t\t\t\t\t\t\t\t\t\t\t\t\t<\/div>\n\t\t\t\t\t<\/div>\n\t\t\t\t\t\t\t\t\t<\/div>\n\t\t\t \n\t\t\t\t<div id=\"thumb23\">\n\n\t\t\t\t\t\t\t\t\t\t<div class=\"wppap-medium-6 wppap-columns wppap-left-column\">\n\t\t\t\t\t\t<div class=\"wppap-slider-wrapper\">\n\t\t\t\t\t\t\t<div id=\"wppap-slider-23\" class=\"wpapap-portfolio-img-slider thumb33\" data-conf=\"{&quot;dots&quot;:&quot;true&quot;,&quot;arrows&quot;:&quot;true&quot;,&quot;effect&quot;:&quot;slide&quot;}\">\t\t\t\t\t\t\t\t\t<div class=\"portfolio-slide\">\n\t\t\t\t\t\t\t\t\t\t<img src=\"https:\/\/www.studioklima.pl\/wp-content\/uploads\/2021\/09\/rondo1.jpg\" alt=\"\" \/>\n\t\t\t\t\t\t\t\t\t<\/div>\t\t\t\t\t\t\t\t\t<div class=\"portfolio-slide\">\n\t\t\t\t\t\t\t\t\t\t<img src=\"https:\/\/www.studioklima.pl\/wp-content\/uploads\/2021\/09\/rondo2.jpg\" alt=\"\" \/>\n\t\t\t\t\t\t\t\t\t<\/div>\t\t\t\t\t\t\t\t\t<div class=\"portfolio-slide\">\n\t\t\t\t\t\t\t\t\t\t<img src=\"https:\/\/www.studioklima.pl\/wp-content\/uploads\/2021\/09\/rondo3.jpg\" alt=\"\" \/>\n\t\t\t\t\t\t\t\t\t<\/div>\t\t\t\t\t\t\t<\/div>\n\t\t\t\t\t\t<\/div>\n\t\t\t\t\t<\/div>\n\t\t\t\t\t\t\t\t\t\t<div class=\"wppap-medium-6 wppap-columns wppap-right-column\">\n\t\t\t\t\t\t<div class=\"wppap-right-content\">\n\t\t\t\t\t\t\t\t\t\t\t\t\t\t\t<div class=\"wppap-title\">Centrum Handlowe Rondo w Bydgoszczy<\/div>\n\t\t\t\t\t\t\t\t\t\t\t\t\t\t\t<div class=\"wppap-content\"><p>GLA. 3\u2019000 m2<\/p>\n<\/div>\n\t\t\t\t\t\t\t\t\t\t\t\t\t<\/div>\n\t\t\t\t\t<\/div>\n\t\t\t\t\t\t\t\t\t<\/div>\n\t\t\t \n\t\t\t\t<div id=\"thumb24\">\n\n\t\t\t\t\t\t\t\t\t\t<div class=\"wppap-medium-6 wppap-columns wppap-left-column\">\n\t\t\t\t\t\t<div class=\"wppap-slider-wrapper\">\n\t\t\t\t\t\t\t<div id=\"wppap-slider-24\" class=\"wpapap-portfolio-img-slider thumb33\" data-conf=\"{&quot;dots&quot;:&quot;true&quot;,&quot;arrows&quot;:&quot;true&quot;,&quot;effect&quot;:&quot;slide&quot;}\">\t\t\t\t\t\t\t\t\t<div class=\"portfolio-slide\">\n\t\t\t\t\t\t\t\t\t\t<img src=\"https:\/\/www.studioklima.pl\/wp-content\/uploads\/2021\/09\/MBP_1-scaled.jpg\" alt=\"\" \/>\n\t\t\t\t\t\t\t\t\t<\/div>\t\t\t\t\t\t\t\t\t<div class=\"portfolio-slide\">\n\t\t\t\t\t\t\t\t\t\t<img src=\"https:\/\/www.studioklima.pl\/wp-content\/uploads\/2021\/09\/MBP_2-scaled.jpg\" alt=\"\" \/>\n\t\t\t\t\t\t\t\t\t<\/div>\t\t\t\t\t\t\t<\/div>\n\t\t\t\t\t\t<\/div>\n\t\t\t\t\t<\/div>\n\t\t\t\t\t\t\t\t\t\t<div class=\"wppap-medium-6 wppap-columns wppap-right-column\">\n\t\t\t\t\t\t<div class=\"wppap-right-content\">\n\t\t\t\t\t\t\t\t\t\t\t\t\t\t\t<div class=\"wppap-title\">Marynarska Business Park Warszawa<\/div>\n\t\t\t\t\t\t\t\t\t\t\t\t\t\t\t<div class=\"wppap-content\"><p>Warszawa, projekt aran\u017cacji biurowych (pow. 80\u2019000 m2)<\/p>\n<\/div>\n\t\t\t\t\t\t\t\t\t\t\t\t\t<\/div>\n\t\t\t\t\t<\/div>\n\t\t\t\t\t\t\t\t\t<\/div>\n\t\t\t \n\t\t\t\t<div id=\"thumb25\">\n\n\t\t\t\t\t\t\t\t\t\t<div class=\"wppap-medium-6 wppap-columns wppap-left-column\">\n\t\t\t\t\t\t<div class=\"wppap-slider-wrapper\">\n\t\t\t\t\t\t\t<div id=\"wppap-slider-25\" class=\"wpapap-portfolio-img-slider thumb33\" data-conf=\"{&quot;dots&quot;:&quot;true&quot;,&quot;arrows&quot;:&quot;true&quot;,&quot;effect&quot;:&quot;slide&quot;}\">\t\t\t\t\t\t\t\t\t<div class=\"portfolio-slide\">\n\t\t\t\t\t\t\t\t\t\t<img src=\"https:\/\/www.studioklima.pl\/wp-content\/uploads\/2021\/09\/Trinity_park_1jpg-scaled.jpg\" alt=\"\" \/>\n\t\t\t\t\t\t\t\t\t<\/div>\t\t\t\t\t\t\t<\/div>\n\t\t\t\t\t\t<\/div>\n\t\t\t\t\t<\/div>\n\t\t\t\t\t\t\t\t\t\t<div class=\"wppap-medium-6 wppap-columns wppap-right-column\">\n\t\t\t\t\t\t<div class=\"wppap-right-content\">\n\t\t\t\t\t\t\t\t\t\t\t\t\t\t\t<div class=\"wppap-title\">Kompleks biurowy Trinity Park<\/div>\n\t\t\t\t\t\t\t\t\t\t\t\t\t\t\t<div class=\"wppap-content\"><p>Warszawa, Projekty aran\u017cacji biurowych (pow. 50\u2019000 m2)<\/p>\n<\/div>\n\t\t\t\t\t\t\t\t\t\t\t\t\t<\/div>\n\t\t\t\t\t<\/div>\n\t\t\t\t\t\t\t\t\t<\/div>\n\t\t\t \n\t\t\t\t<div id=\"thumb26\">\n\n\t\t\t\t\t\t\t\t\t\t<div class=\"wppap-medium-6 wppap-columns wppap-left-column\">\n\t\t\t\t\t\t<div class=\"wppap-slider-wrapper\">\n\t\t\t\t\t\t\t<div id=\"wppap-slider-26\" class=\"wpapap-portfolio-img-slider thumb33\" data-conf=\"{&quot;dots&quot;:&quot;true&quot;,&quot;arrows&quot;:&quot;true&quot;,&quot;effect&quot;:&quot;slide&quot;}\">\t\t\t\t\t\t\t\t\t<div class=\"portfolio-slide\">\n\t\t\t\t\t\t\t\t\t\t<img src=\"https:\/\/www.studioklima.pl\/wp-content\/uploads\/2021\/09\/CAM01-scaled.jpg\" alt=\"\" \/>\n\t\t\t\t\t\t\t\t\t<\/div>\t\t\t\t\t\t\t\t\t<div class=\"portfolio-slide\">\n\t\t\t\t\t\t\t\t\t\t<img src=\"https:\/\/www.studioklima.pl\/wp-content\/uploads\/2021\/09\/CAM02-scaled.jpg\" alt=\"\" \/>\n\t\t\t\t\t\t\t\t\t<\/div>\t\t\t\t\t\t\t\t\t<div class=\"portfolio-slide\">\n\t\t\t\t\t\t\t\t\t\t<img src=\"https:\/\/www.studioklima.pl\/wp-content\/uploads\/2021\/09\/CAM03-scaled.jpg\" alt=\"\" \/>\n\t\t\t\t\t\t\t\t\t<\/div>\t\t\t\t\t\t\t<\/div>\n\t\t\t\t\t\t<\/div>\n\t\t\t\t\t<\/div>\n\t\t\t\t\t\t\t\t\t\t<div class=\"wppap-medium-6 wppap-columns wppap-right-column\">\n\t\t\t\t\t\t<div class=\"wppap-right-content\">\n\t\t\t\t\t\t\t\t\t\t\t\t\t\t\t<div class=\"wppap-title\">Osiedle mieszkaniowe Omulewska<\/div>\n\t\t\t\t\t\t\t\t\t\t\t\t\t\t\t<div class=\"wppap-content\"><p>Warszawa, PUM 25\u2019000 m2<\/p>\n<p>Pracownia architektoniczna: MKC Architekci <\/p>\n<\/div>\n\t\t\t\t\t\t\t\t\t\t\t\t\t<\/div>\n\t\t\t\t\t<\/div>\n\t\t\t\t\t\t\t\t\t<\/div>\n\t\t\t \n\t\t\t\t<div id=\"thumb27\">\n\n\t\t\t\t\t\t\t\t\t\t<div class=\"wppap-medium-6 wppap-columns wppap-left-column\">\n\t\t\t\t\t\t<div class=\"wppap-slider-wrapper\">\n\t\t\t\t\t\t\t<div id=\"wppap-slider-27\" class=\"wpapap-portfolio-img-slider thumb33\" data-conf=\"{&quot;dots&quot;:&quot;true&quot;,&quot;arrows&quot;:&quot;true&quot;,&quot;effect&quot;:&quot;slide&quot;}\">\t\t\t\t\t\t\t\t\t<div class=\"portfolio-slide\">\n\t\t\t\t\t\t\t\t\t\t<img src=\"https:\/\/www.studioklima.pl\/wp-content\/uploads\/2021\/09\/bliski-centrum.jpg\" alt=\"\" \/>\n\t\t\t\t\t\t\t\t\t<\/div>\t\t\t\t\t\t\t\t\t<div class=\"portfolio-slide\">\n\t\t\t\t\t\t\t\t\t\t<img src=\"https:\/\/www.studioklima.pl\/wp-content\/uploads\/2021\/09\/bliski-centrum1.jpg\" alt=\"\" \/>\n\t\t\t\t\t\t\t\t\t<\/div>\t\t\t\t\t\t\t\t\t<div class=\"portfolio-slide\">\n\t\t\t\t\t\t\t\t\t\t<img src=\"https:\/\/www.studioklima.pl\/wp-content\/uploads\/2021\/09\/bliski-centrum2.jpg\" alt=\"\" \/>\n\t\t\t\t\t\t\t\t\t<\/div>\t\t\t\t\t\t\t<\/div>\n\t\t\t\t\t\t<\/div>\n\t\t\t\t\t<\/div>\n\t\t\t\t\t\t\t\t\t\t<div class=\"wppap-medium-6 wppap-columns wppap-right-column\">\n\t\t\t\t\t\t<div class=\"wppap-right-content\">\n\t\t\t\t\t\t\t\t\t\t\t\t\t\t\t<div class=\"wppap-title\">Budynek biurowy Bliski Centrum<\/div>\n\t\t\t\t\t\t\t\t\t\t\t\t\t\t\t<div class=\"wppap-content\"><p>Warszawa, GLA. 6\u2019500 m2<\/p>\n<\/div>\n\t\t\t\t\t\t\t\t\t\t\t\t\t<\/div>\n\t\t\t\t\t<\/div>\n\t\t\t\t\t\t\t\t\t<\/div>\n\t\t\t \n\t\t\t\t<div id=\"thumb28\">\n\n\t\t\t\t\t\t\t\t\t\t<div class=\"wppap-medium-6 wppap-columns wppap-left-column\">\n\t\t\t\t\t\t<div class=\"wppap-slider-wrapper\">\n\t\t\t\t\t\t\t<div id=\"wppap-slider-28\" class=\"wpapap-portfolio-img-slider thumb33\" data-conf=\"{&quot;dots&quot;:&quot;true&quot;,&quot;arrows&quot;:&quot;true&quot;,&quot;effect&quot;:&quot;slide&quot;}\">\t\t\t\t\t\t\t\t\t<div class=\"portfolio-slide\">\n\t\t\t\t\t\t\t\t\t\t<img src=\"https:\/\/www.studioklima.pl\/wp-content\/uploads\/2021\/09\/D48_penta_1-scaled.jpg\" alt=\"\" \/>\n\t\t\t\t\t\t\t\t\t<\/div>\t\t\t\t\t\t\t\t\t<div class=\"portfolio-slide\">\n\t\t\t\t\t\t\t\t\t\t<img src=\"https:\/\/www.studioklima.pl\/wp-content\/uploads\/2021\/09\/D48_penta_2-scaled.jpg\" alt=\"\" \/>\n\t\t\t\t\t\t\t\t\t<\/div>\t\t\t\t\t\t\t<\/div>\n\t\t\t\t\t\t<\/div>\n\t\t\t\t\t<\/div>\n\t\t\t\t\t\t\t\t\t\t<div class=\"wppap-medium-6 wppap-columns wppap-right-column\">\n\t\t\t\t\t\t<div class=\"wppap-right-content\">\n\t\t\t\t\t\t\t\t\t\t\t\t\t\t\t<div class=\"wppap-title\">Budynek biurowy D48 Penta<\/div>\n\t\t\t\t\t\t\t\t\t\t\t\t\t\t\t<div class=\"wppap-content\"><p>Warszawa, aran\u017cacja powierzchni biurowych Gemius, IQVIA (powierzchnia 10\u2019000 m2)<\/p>\n<\/div>\n\t\t\t\t\t\t\t\t\t\t\t\t\t<\/div>\n\t\t\t\t\t<\/div>\n\t\t\t\t\t\t\t\t\t<\/div>\n\t\t\t \n\t\t\t\t<div id=\"thumb29\">\n\n\t\t\t\t\t\t\t\t\t\t<div class=\"wppap-medium-6 wppap-columns wppap-left-column\">\n\t\t\t\t\t\t<div class=\"wppap-slider-wrapper\">\n\t\t\t\t\t\t\t<div id=\"wppap-slider-29\" class=\"wpapap-portfolio-img-slider thumb33\" data-conf=\"{&quot;dots&quot;:&quot;true&quot;,&quot;arrows&quot;:&quot;true&quot;,&quot;effect&quot;:&quot;slide&quot;}\">\t\t\t\t\t\t\t\t\t<div class=\"portfolio-slide\">\n\t\t\t\t\t\t\t\t\t\t<img src=\"https:\/\/www.studioklima.pl\/wp-content\/uploads\/2021\/09\/Wilanow_office_1-scaled.jpg\" alt=\"\" \/>\n\t\t\t\t\t\t\t\t\t<\/div>\t\t\t\t\t\t\t\t\t<div class=\"portfolio-slide\">\n\t\t\t\t\t\t\t\t\t\t<img src=\"https:\/\/www.studioklima.pl\/wp-content\/uploads\/2021\/09\/Wilanow_office_2-scaled.jpg\" alt=\"\" \/>\n\t\t\t\t\t\t\t\t\t<\/div>\t\t\t\t\t\t\t<\/div>\n\t\t\t\t\t\t<\/div>\n\t\t\t\t\t<\/div>\n\t\t\t\t\t\t\t\t\t\t<div class=\"wppap-medium-6 wppap-columns wppap-right-column\">\n\t\t\t\t\t\t<div class=\"wppap-right-content\">\n\t\t\t\t\t\t\t\t\t\t\t\t\t\t\t<div class=\"wppap-title\">Wilan\u00f3w Office Center<\/div>\n\t\t\t\t\t\t\t\t\t\t\t\t\t\t\t<div class=\"wppap-content\"><p>Warszawa, projekty aran\u017cacji biurowych (pow. 8\u2019500 m2)<\/p>\n<\/div>\n\t\t\t\t\t\t\t\t\t\t\t\t\t<\/div>\n\t\t\t\t\t<\/div>\n\t\t\t\t\t\t\t\t\t<\/div>\n\t\t\t \n\t\t\t\t<div id=\"thumb30\">\n\n\t\t\t\t\t\t\t\t\t\t<div class=\"wppap-medium-6 wppap-columns wppap-left-column\">\n\t\t\t\t\t\t<div class=\"wppap-slider-wrapper\">\n\t\t\t\t\t\t\t<div id=\"wppap-slider-30\" class=\"wpapap-portfolio-img-slider thumb33\" data-conf=\"{&quot;dots&quot;:&quot;true&quot;,&quot;arrows&quot;:&quot;true&quot;,&quot;effect&quot;:&quot;slide&quot;}\">\t\t\t\t\t\t\t\t\t<div class=\"portfolio-slide\">\n\t\t\t\t\t\t\t\t\t\t<img src=\"https:\/\/www.studioklima.pl\/wp-content\/uploads\/2021\/09\/adgar_bit_parter.jpg\" alt=\"\" \/>\n\t\t\t\t\t\t\t\t\t<\/div>\t\t\t\t\t\t\t\t\t<div class=\"portfolio-slide\">\n\t\t\t\t\t\t\t\t\t\t<img src=\"https:\/\/www.studioklima.pl\/wp-content\/uploads\/2021\/09\/adgar_bit_recepcja.jpg\" alt=\"\" \/>\n\t\t\t\t\t\t\t\t\t<\/div>\t\t\t\t\t\t\t\t\t<div class=\"portfolio-slide\">\n\t\t\t\t\t\t\t\t\t\t<img src=\"https:\/\/www.studioklima.pl\/wp-content\/uploads\/2021\/09\/adgar_bit_z_zewnatrz.jpg\" alt=\"\" \/>\n\t\t\t\t\t\t\t\t\t<\/div>\t\t\t\t\t\t\t<\/div>\n\t\t\t\t\t\t<\/div>\n\t\t\t\t\t<\/div>\n\t\t\t\t\t\t\t\t\t\t<div class=\"wppap-medium-6 wppap-columns wppap-right-column\">\n\t\t\t\t\t\t<div class=\"wppap-right-content\">\n\t\t\t\t\t\t\t\t\t\t\t\t\t\t\t<div class=\"wppap-title\">Adgar Bit<\/div>\n\t\t\t\t\t\t\t\t\t\t\t\t\t\t\t<div class=\"wppap-content\"><p>Warszawa, projekty aran\u017cacji biurowych (pow. 8\u2019500 m2)<\/p>\n<p>Pracownie architektoniczne mode:lina oraz Pozna\u0144 Projekt<\/p>\n<\/div>\n\t\t\t\t\t\t\t\t\t\t\t\t\t<\/div>\n\t\t\t\t\t<\/div>\n\t\t\t\t\t\t\t\t\t<\/div>\n\t\t\t \n\t\t\t\t<div id=\"thumb31\">\n\n\t\t\t\t\t\t\t\t\t\t<div class=\"wppap-medium-6 wppap-columns wppap-left-column\">\n\t\t\t\t\t\t<div class=\"wppap-slider-wrapper\">\n\t\t\t\t\t\t\t<div id=\"wppap-slider-31\" class=\"wpapap-portfolio-img-slider thumb33\" data-conf=\"{&quot;dots&quot;:&quot;true&quot;,&quot;arrows&quot;:&quot;true&quot;,&quot;effect&quot;:&quot;slide&quot;}\">\t\t\t\t\t\t\t\t\t<div class=\"portfolio-slide\">\n\t\t\t\t\t\t\t\t\t\t<img src=\"https:\/\/www.studioklima.pl\/wp-content\/uploads\/2021\/09\/park_inn-scaled.jpg\" alt=\"\" \/>\n\t\t\t\t\t\t\t\t\t<\/div>\t\t\t\t\t\t\t\t\t<div class=\"portfolio-slide\">\n\t\t\t\t\t\t\t\t\t\t<img src=\"https:\/\/www.studioklima.pl\/wp-content\/uploads\/2021\/09\/park_inn_2-scaled.jpg\" alt=\"\" \/>\n\t\t\t\t\t\t\t\t\t<\/div>\t\t\t\t\t\t\t<\/div>\n\t\t\t\t\t\t<\/div>\n\t\t\t\t\t<\/div>\n\t\t\t\t\t\t\t\t\t\t<div class=\"wppap-medium-6 wppap-columns wppap-right-column\">\n\t\t\t\t\t\t<div class=\"wppap-right-content\">\n\t\t\t\t\t\t\t\t\t\t\t\t\t\t\t<div class=\"wppap-title\">Hotel Park Inn w Krakowie<\/div>\n\t\t\t\t\t\t\t\t\t\t\t\t\t\t\t<div class=\"wppap-content\"><p>grupa Radisson, GLA. 6\u2019500 m2<\/p>\n<\/div>\n\t\t\t\t\t\t\t\t\t\t\t\t\t<\/div>\n\t\t\t\t\t<\/div>\n\t\t\t\t\t\t\t\t\t<\/div>\n\t\t\t \n\t\t\t\t<div id=\"thumb32\">\n\n\t\t\t\t\t\t\t\t\t\t<div class=\"wppap-medium-6 wppap-columns wppap-left-column\">\n\t\t\t\t\t\t<div class=\"wppap-slider-wrapper\">\n\t\t\t\t\t\t\t<div id=\"wppap-slider-32\" class=\"wpapap-portfolio-img-slider thumb33\" data-conf=\"{&quot;dots&quot;:&quot;true&quot;,&quot;arrows&quot;:&quot;true&quot;,&quot;effect&quot;:&quot;slide&quot;}\">\t\t\t\t\t\t\t\t\t<div class=\"portfolio-slide\">\n\t\t\t\t\t\t\t\t\t\t<img src=\"https:\/\/www.studioklima.pl\/wp-content\/uploads\/2021\/09\/SS-Ketrzyn1.jpg\" alt=\"\" \/>\n\t\t\t\t\t\t\t\t\t<\/div>\t\t\t\t\t\t\t\t\t<div class=\"portfolio-slide\">\n\t\t\t\t\t\t\t\t\t\t<img src=\"https:\/\/www.studioklima.pl\/wp-content\/uploads\/2021\/09\/SS-Ketrzyn2.jpg\" alt=\"\" \/>\n\t\t\t\t\t\t\t\t\t<\/div>\t\t\t\t\t\t\t\t\t<div class=\"portfolio-slide\">\n\t\t\t\t\t\t\t\t\t\t<img src=\"https:\/\/www.studioklima.pl\/wp-content\/uploads\/2021\/09\/SSMlawa.jpg\" alt=\"\" \/>\n\t\t\t\t\t\t\t\t\t<\/div>\t\t\t\t\t\t\t\t\t<div class=\"portfolio-slide\">\n\t\t\t\t\t\t\t\t\t\t<img src=\"https:\/\/www.studioklima.pl\/wp-content\/uploads\/2021\/09\/SSMlawa1.jpg\" alt=\"\" \/>\n\t\t\t\t\t\t\t\t\t<\/div>\t\t\t\t\t\t\t<\/div>\n\t\t\t\t\t\t<\/div>\n\t\t\t\t\t<\/div>\n\t\t\t\t\t\t\t\t\t\t<div class=\"wppap-medium-6 wppap-columns wppap-right-column\">\n\t\t\t\t\t\t<div class=\"wppap-right-content\">\n\t\t\t\t\t\t\t\t\t\t\t\t\t\t\t<div class=\"wppap-title\">Centra Handlowe Stop Shop<\/div>\n\t\t\t\t\t\t\t\t\t\t\t\t\t\t\t<div class=\"wppap-content\"><p>K\u0119trzyn, M\u0142awa<\/p>\n<p>\u0141\u0105czne GLA ponad 9\u2019000m2<\/p>\n<\/div>\n\t\t\t\t\t\t\t\t\t\t\t\t\t<\/div>\n\t\t\t\t\t<\/div>\n\t\t\t\t\t\t\t\t\t<\/div>\n\t\t\t \n\t\t\t\t<div id=\"thumb33\">\n\n\t\t\t\t\t\t\t\t\t\t<div class=\"wppap-medium-6 wppap-columns wppap-left-column\">\n\t\t\t\t\t\t<div class=\"wppap-slider-wrapper\">\n\t\t\t\t\t\t\t<div id=\"wppap-slider-33\" class=\"wpapap-portfolio-img-slider thumb33\" data-conf=\"{&quot;dots&quot;:&quot;true&quot;,&quot;arrows&quot;:&quot;true&quot;,&quot;effect&quot;:&quot;slide&quot;}\">\t\t\t\t\t\t\t\t\t<div class=\"portfolio-slide\">\n\t\t\t\t\t\t\t\t\t\t<img src=\"https:\/\/www.studioklima.pl\/wp-content\/uploads\/2021\/09\/radomsko_1-scaled.jpg\" alt=\"\" \/>\n\t\t\t\t\t\t\t\t\t<\/div>\t\t\t\t\t\t\t\t\t<div class=\"portfolio-slide\">\n\t\t\t\t\t\t\t\t\t\t<img src=\"https:\/\/www.studioklima.pl\/wp-content\/uploads\/2021\/09\/radomsko_2-scaled.jpg\" alt=\"\" \/>\n\t\t\t\t\t\t\t\t\t<\/div>\t\t\t\t\t\t\t\t\t<div class=\"portfolio-slide\">\n\t\t\t\t\t\t\t\t\t\t<img src=\"https:\/\/www.studioklima.pl\/wp-content\/uploads\/2021\/09\/radomsko_3-scaled.jpg\" alt=\"\" \/>\n\t\t\t\t\t\t\t\t\t<\/div>\t\t\t\t\t\t\t<\/div>\n\t\t\t\t\t\t<\/div>\n\t\t\t\t\t<\/div>\n\t\t\t\t\t\t\t\t\t\t<div class=\"wppap-medium-6 wppap-columns wppap-right-column\">\n\t\t\t\t\t\t<div class=\"wppap-right-content\">\n\t\t\t\t\t\t\t\t\t\t\t\t\t\t\t<div class=\"wppap-title\">Szpital w Radomsku<\/div>\n\t\t\t\t\t\t\t\t\t\t\t\t\t<\/div>\n\t\t\t\t\t<\/div>\n\t\t\t\t\t\t\t\t\t<\/div>\n\t\t\t \t\t<\/div>\n\t<\/div>\n\t\n<\/div><\/div>\n\n\n\n<div style=\"height:50px\" aria-hidden=\"true\" class=\"wp-block-spacer\"><\/div>\n<\/div>","protected":false},"excerpt":{"rendered":"","protected":false},"author":1,"featured_media":0,"parent":0,"menu_order":0,"comment_status":"closed","ping_status":"closed","template":"","meta":{"advgb_blocks_editor_width":"","advgb_blocks_columns_visual_guide":"","_generate-full-width-content":"","neve_meta_sidebar":"","neve_meta_container":"","neve_meta_enable_content_width":"","neve_meta_content_width":0,"neve_meta_title_alignment":"","neve_meta_author_avatar":"","neve_post_elements_order":"","neve_meta_disable_header":"off","neve_meta_disable_footer":"","neve_meta_disable_title":"on","_ti_tpc_template_sync":false,"_ti_tpc_template_id":""},"coauthors":[],"author_meta":{"author_link":"https:\/\/www.studioklima.pl\/index.php\/author\/skadmin\/","display_name":"skadmin"},"relative_dates":{"created":"Posted 5 lat ago","modified":"Updated 5 lat ago"},"absolute_dates":{"created":"Posted on 9 sierpnia 2021","modified":"Updated on 21 wrze\u015bnia 2021"},"absolute_dates_time":{"created":"Posted on 9 sierpnia 2021 15:26","modified":"Updated on 21 wrze\u015bnia 2021 14:26"},"featured_img_caption":"","_links":{"self":[{"href":"https:\/\/www.studioklima.pl\/index.php\/wp-json\/wp\/v2\/pages\/421"}],"collection":[{"href":"https:\/\/www.studioklima.pl\/index.php\/wp-json\/wp\/v2\/pages"}],"about":[{"href":"https:\/\/www.studioklima.pl\/index.php\/wp-json\/wp\/v2\/types\/page"}],"author":[{"embeddable":true,"href":"https:\/\/www.studioklima.pl\/index.php\/wp-json\/wp\/v2\/users\/1"}],"replies":[{"embeddable":true,"href":"https:\/\/www.studioklima.pl\/index.php\/wp-json\/wp\/v2\/comments?post=421"}],"version-history":[{"count":50,"href":"https:\/\/www.studioklima.pl\/index.php\/wp-json\/wp\/v2\/pages\/421\/revisions"}],"predecessor-version":[{"id":994,"href":"https:\/\/www.studioklima.pl\/index.php\/wp-json\/wp\/v2\/pages\/421\/revisions\/994"}],"wp:attachment":[{"href":"https:\/\/www.studioklima.pl\/index.php\/wp-json\/wp\/v2\/media?parent=421"}],"curies":[{"name":"wp","href":"https:\/\/api.w.org\/{rel}","templated":true}]}}